{"id":5168,"date":"2023-11-29T09:06:49","date_gmt":"2023-11-29T09:06:49","guid":{"rendered":"https:\/\/norddeco.lt\/produktai\/"},"modified":"2024-02-13T11:19:30","modified_gmt":"2024-02-13T11:19:30","slug":"produits","status":"publish","type":"page","link":"https:\/\/norddeco.lt\/fr\/produits\/","title":{"rendered":"Produits"},"content":{"rendered":"\t\t<div data-elementor-type=\"wp-page\" data-elementor-id=\"5168\" class=\"elementor elementor-5168 elementor-2500\" data-elementor-post-type=\"page\">\n\t\t\t\t\t\t<section class=\"elementor-section elementor-top-section elementor-element elementor-element-5732d3f elementor-section-boxed elementor-section-height-default elementor-section-height-default\" data-id=\"5732d3f\" data-element_type=\"section\" data-e-type=\"section\">\n\t\t\t\t\t\t<div class=\"elementor-container elementor-column-gap-default\">\n\t\t\t\t\t<div class=\"elementor-column elementor-col-100 elementor-top-column elementor-element elementor-element-f24ef07\" data-id=\"f24ef07\" data-element_type=\"column\" data-e-type=\"column\">\n\t\t\t<div class=\"elementor-widget-wrap elementor-element-populated\">\n\t\t\t\t\t\t\t<\/div>\n\t\t<\/div>\n\t\t\t\t\t<\/div>\n\t\t<\/section>\n\t\t\t\t<section class=\"elementor-section elementor-top-section elementor-element elementor-element-6931d29 elementor-section-boxed elementor-section-height-default elementor-section-height-default\" data-id=\"6931d29\" data-element_type=\"section\" data-e-type=\"section\">\n\t\t\t\t\t\t<div class=\"elementor-container elementor-column-gap-extended\">\n\t\t\t\t\t<div class=\"elementor-column elementor-col-50 elementor-top-column elementor-element elementor-element-bcd395a\" data-id=\"bcd395a\" data-element_type=\"column\" data-e-type=\"column\">\n\t\t\t<div class=\"elementor-widget-wrap elementor-element-populated\">\n\t\t\t\t\t\t<div class=\"elementor-element elementor-element-f6ee6c4 elementor-widget-divider--view-line elementor-widget elementor-widget-divider\" data-id=\"f6ee6c4\" data-element_type=\"widget\" data-e-type=\"widget\" data-widget_type=\"divider.default\">\n\t\t\t\t<div class=\"elementor-widget-container\">\n\t\t\t\t\t\t\t<div class=\"elementor-divider\">\n\t\t\t<span class=\"elementor-divider-separator\">\n\t\t\t\t\t\t<\/span>\n\t\t<\/div>\n\t\t\t\t\t\t<\/div>\n\t\t\t\t<\/div>\n\t\t\t\t\t<\/div>\n\t\t<\/div>\n\t\t\t\t<div class=\"elementor-column elementor-col-50 elementor-top-column elementor-element elementor-element-f4b4d77 elementor-hidden-phone\" data-id=\"f4b4d77\" data-element_type=\"column\" data-e-type=\"column\">\n\t\t\t<div class=\"elementor-widget-wrap elementor-element-populated\">\n\t\t\t\t\t\t<div class=\"elementor-element elementor-element-0436a00 elementor-widget-divider--view-line elementor-widget elementor-widget-divider\" data-id=\"0436a00\" data-element_type=\"widget\" data-e-type=\"widget\" data-widget_type=\"divider.default\">\n\t\t\t\t<div class=\"elementor-widget-container\">\n\t\t\t\t\t\t\t<div class=\"elementor-divider\">\n\t\t\t<span class=\"elementor-divider-separator\">\n\t\t\t\t\t\t<\/span>\n\t\t<\/div>\n\t\t\t\t\t\t<\/div>\n\t\t\t\t<\/div>\n\t\t\t\t\t<\/div>\n\t\t<\/div>\n\t\t\t\t\t<\/div>\n\t\t<\/section>\n\t\t\t\t<section class=\"elementor-section elementor-top-section elementor-element elementor-element-6412ff4 elementor-section-boxed elementor-section-height-default elementor-section-height-default\" data-id=\"6412ff4\" data-element_type=\"section\" data-e-type=\"section\">\n\t\t\t\t\t\t<div class=\"elementor-container elementor-column-gap-extended\">\n\t\t\t\t\t<div class=\"elementor-column elementor-col-100 elementor-top-column elementor-element elementor-element-e169d3e\" data-id=\"e169d3e\" data-element_type=\"column\" data-e-type=\"column\">\n\t\t\t<div class=\"elementor-widget-wrap elementor-element-populated\">\n\t\t\t\t\t\t<div class=\"elementor-element elementor-element-bdc221a elementor-widget elementor-widget-nm-product-categories\" data-id=\"bdc221a\" data-element_type=\"widget\" data-e-type=\"widget\" data-widget_type=\"nm-product-categories.default\">\n\t\t\t\t<div class=\"elementor-widget-container\">\n\t\t\t\t\t<div class=\"nm-product-categories layout-default\"><div class=\"woocommerce columns-4\"><ul class=\"nm-products products xsmall-block-grid-1 small-block-grid-1 medium-block-grid-2 large-block-grid-4 grid-default layout-default attributes-position-thumbnail has-action-links\">\r\n    <li class=\"product-category product first\">\r\n\r\n        <div class=\"nm-product-category-inner\">\r\n            \r\n            <a href=\"https:\/\/norddeco.lt\/fr\/categoriedeproduit\/sous-verres-en-bois\/\">\r\n            <img fetchpriority=\"high\" decoding=\"async\" src=\"https:\/\/norddeco.lt\/wp-content\/uploads\/2024\/04\/wooden-coasters.jpg\" alt=\"Sous-verres en bois\" width=\"1000\" height=\"1000\" \/>            <\/a>\r\n\r\n            <div class=\"nm-product-category-text\">\r\n                <h1 class=\"nm-product-category-heading\"><a href=\"https:\/\/norddeco.lt\/fr\/categoriedeproduit\/sous-verres-en-bois\/\">Sous-verres en bois<\/a><\/h1>\r\n                \r\n                            <\/div>\r\n\r\n                    <\/div>\r\n\r\n    <\/li>\r\n\r\n    <li class=\"product-category product\">\r\n\r\n        <div class=\"nm-product-category-inner\">\r\n            \r\n            <a href=\"https:\/\/norddeco.lt\/fr\/categoriedeproduit\/planches-a-decouper\/\">\r\n            <img decoding=\"async\" src=\"https:\/\/norddeco.lt\/wp-content\/uploads\/2024\/01\/wooden-cutting-boards-1.jpg\" alt=\"Planches \u00e0 d\u00e9couper\" width=\"600\" height=\"600\" \/>            <\/a>\r\n\r\n            <div class=\"nm-product-category-text\">\r\n                <h1 class=\"nm-product-category-heading\"><a href=\"https:\/\/norddeco.lt\/fr\/categoriedeproduit\/planches-a-decouper\/\">Planches \u00e0 d\u00e9couper<\/a><\/h1>\r\n                \r\n                            <\/div>\r\n\r\n                    <\/div>\r\n\r\n    <\/li>\r\n\r\n    <li class=\"product-category product\">\r\n\r\n        <div class=\"nm-product-category-inner\">\r\n            \r\n            <a href=\"https:\/\/norddeco.lt\/fr\/categoriedeproduit\/lampes-en-bois\/\">\r\n            <img decoding=\"async\" src=\"https:\/\/norddeco.lt\/wp-content\/uploads\/2024\/01\/wooden-scandinavian-lamps-1.jpg\" alt=\"Lampes en bois\" width=\"1000\" height=\"1000\" \/>            <\/a>\r\n\r\n            <div class=\"nm-product-category-text\">\r\n                <h1 class=\"nm-product-category-heading\"><a href=\"https:\/\/norddeco.lt\/fr\/categoriedeproduit\/lampes-en-bois\/\">Lampes en bois<\/a><\/h1>\r\n                \r\n                            <\/div>\r\n\r\n                    <\/div>\r\n\r\n    <\/li>\r\n\r\n    <li class=\"product-category product last\">\r\n\r\n        <div class=\"nm-product-category-inner\">\r\n            \r\n            <a href=\"https:\/\/norddeco.lt\/fr\/categoriedeproduit\/couvertures-en-laine\/\">\r\n            <img loading=\"lazy\" decoding=\"async\" src=\"https:\/\/norddeco.lt\/wp-content\/uploads\/2024\/01\/Zakardiniai-vilnoniai-pledas-2.jpg\" alt=\"Couvertures en laine\" width=\"1000\" height=\"1000\" \/>            <\/a>\r\n\r\n            <div class=\"nm-product-category-text\">\r\n                <h1 class=\"nm-product-category-heading\"><a href=\"https:\/\/norddeco.lt\/fr\/categoriedeproduit\/couvertures-en-laine\/\">Couvertures en laine<\/a><\/h1>\r\n                \r\n                            <\/div>\r\n\r\n                    <\/div>\r\n\r\n    <\/li>\r\n\r\n<\/ul>\r\n<\/div><\/div>\t\t\t\t<\/div>\n\t\t\t\t<\/div>\n\t\t\t\t\t<\/div>\n\t\t<\/div>\n\t\t\t\t\t<\/div>\n\t\t<\/section>\n\t\t\t\t<section class=\"elementor-section elementor-top-section elementor-element elementor-element-350f20a elementor-section-boxed elementor-section-height-default elementor-section-height-default\" data-id=\"350f20a\" data-element_type=\"section\" data-e-type=\"section\">\n\t\t\t\t\t\t<div class=\"elementor-container elementor-column-gap-default\">\n\t\t\t\t\t<div class=\"elementor-column elementor-col-100 elementor-top-column elementor-element elementor-element-2dedd33\" data-id=\"2dedd33\" data-element_type=\"column\" data-e-type=\"column\">\n\t\t\t<div class=\"elementor-widget-wrap elementor-element-populated\">\n\t\t\t\t\t\t<div class=\"elementor-element elementor-element-e34191f elementor-widget elementor-widget-heading\" data-id=\"e34191f\" data-element_type=\"widget\" data-e-type=\"widget\" data-widget_type=\"heading.default\">\n\t\t\t\t<div class=\"elementor-widget-container\">\n\t\t\t\t\t<h1 class=\"elementor-heading-title elementor-size-default\">Nos produits<\/h1>\t\t\t\t<\/div>\n\t\t\t\t<\/div>\n\t\t\t\t\t<\/div>\n\t\t<\/div>\n\t\t\t\t\t<\/div>\n\t\t<\/section>\n\t\t\t\t<section class=\"elementor-section elementor-top-section elementor-element elementor-element-258d674 elementor-section-boxed elementor-section-height-default elementor-section-height-default\" data-id=\"258d674\" data-element_type=\"section\" data-e-type=\"section\">\n\t\t\t\t\t\t<div class=\"elementor-container elementor-column-gap-extended\">\n\t\t\t\t\t<div class=\"elementor-column elementor-col-50 elementor-top-column elementor-element elementor-element-4e8edf6\" data-id=\"4e8edf6\" data-element_type=\"column\" data-e-type=\"column\">\n\t\t\t<div class=\"elementor-widget-wrap elementor-element-populated\">\n\t\t\t\t\t\t<div class=\"elementor-element elementor-element-bcc707a elementor-widget-divider--view-line elementor-widget elementor-widget-divider\" data-id=\"bcc707a\" data-element_type=\"widget\" data-e-type=\"widget\" data-widget_type=\"divider.default\">\n\t\t\t\t<div class=\"elementor-widget-container\">\n\t\t\t\t\t\t\t<div class=\"elementor-divider\">\n\t\t\t<span class=\"elementor-divider-separator\">\n\t\t\t\t\t\t<\/span>\n\t\t<\/div>\n\t\t\t\t\t\t<\/div>\n\t\t\t\t<\/div>\n\t\t\t\t\t<\/div>\n\t\t<\/div>\n\t\t\t\t<div class=\"elementor-column elementor-col-50 elementor-top-column elementor-element elementor-element-6e62533 elementor-hidden-phone\" data-id=\"6e62533\" data-element_type=\"column\" data-e-type=\"column\">\n\t\t\t<div class=\"elementor-widget-wrap elementor-element-populated\">\n\t\t\t\t\t\t<div class=\"elementor-element elementor-element-a5aa38e elementor-widget-divider--view-line elementor-widget elementor-widget-divider\" data-id=\"a5aa38e\" data-element_type=\"widget\" data-e-type=\"widget\" data-widget_type=\"divider.default\">\n\t\t\t\t<div class=\"elementor-widget-container\">\n\t\t\t\t\t\t\t<div class=\"elementor-divider\">\n\t\t\t<span class=\"elementor-divider-separator\">\n\t\t\t\t\t\t<\/span>\n\t\t<\/div>\n\t\t\t\t\t\t<\/div>\n\t\t\t\t<\/div>\n\t\t\t\t\t<\/div>\n\t\t<\/div>\n\t\t\t\t\t<\/div>\n\t\t<\/section>\n\t\t\t\t<section class=\"elementor-section elementor-top-section elementor-element elementor-element-40c990e elementor-section-boxed elementor-section-height-default elementor-section-height-default\" data-id=\"40c990e\" data-element_type=\"section\" data-e-type=\"section\">\n\t\t\t\t\t\t<div class=\"elementor-container elementor-column-gap-extended\">\n\t\t\t\t\t<div class=\"elementor-column elementor-col-100 elementor-top-column elementor-element elementor-element-954a460\" data-id=\"954a460\" data-element_type=\"column\" data-e-type=\"column\">\n\t\t\t<div class=\"elementor-widget-wrap elementor-element-populated\">\n\t\t\t\t\t\t<div class=\"elementor-element elementor-element-961f8dc elementor-widget elementor-widget-nm-products\" data-id=\"961f8dc\" data-element_type=\"widget\" data-e-type=\"widget\" data-widget_type=\"nm-products.default\">\n\t\t\t\t<div class=\"elementor-widget-container\">\n\t\t\t\t\t<div class=\"nm-elementor-products-widget\"><div class=\"woocommerce columns-4 \"><ul class=\"nm-products products xsmall-block-grid-1 small-block-grid-2 medium-block-grid-3 large-block-grid-4 grid-default layout-default attributes-position-thumbnail has-action-links\">\r\n<li class=\"product type-product post-6513 status-publish first instock product_cat-collection-francaise product_cat-cuisine-salle-a-manger product_cat-planches-a-decouper has-post-thumbnail taxable shipping-taxable purchasable product-type-simple\" data-product-id=\"6513\">\r\n\t<div class=\"nm-shop-loop-product-wrap\">\r\n        \r\n        <div class=\"nm-shop-loop-thumbnail\">\r\n                        \r\n            <a href=\"https:\/\/norddeco.lt\/fr\/magasin\/collection-francaise\/planche-paris-01\/\" class=\"nm-shop-loop-thumbnail-link woocommerce-LoopProduct-link\">\r\n            <img loading=\"lazy\" decoding=\"async\" src=\"https:\/\/norddeco.lt\/wp-content\/themes\/savoy\/assets\/img\/placeholder.png\" data-src=\"https:\/\/norddeco.lt\/wp-content\/uploads\/2023\/12\/cutting-board-paris-01-1-350x350.jpg\" data-srcset=\"https:\/\/norddeco.lt\/wp-content\/uploads\/2023\/12\/cutting-board-paris-01-1-350x350.jpg 350w, https:\/\/norddeco.lt\/wp-content\/uploads\/2023\/12\/cutting-board-paris-01-1-300x300.jpg 300w, https:\/\/norddeco.lt\/wp-content\/uploads\/2023\/12\/cutting-board-paris-01-1-150x150.jpg 150w, https:\/\/norddeco.lt\/wp-content\/uploads\/2023\/12\/cutting-board-paris-01-1-768x768.jpg 768w, https:\/\/norddeco.lt\/wp-content\/uploads\/2023\/12\/cutting-board-paris-01-1-680x680.jpg 680w, https:\/\/norddeco.lt\/wp-content\/uploads\/2023\/12\/cutting-board-paris-01-1-100x100.jpg 100w, https:\/\/norddeco.lt\/wp-content\/uploads\/2023\/12\/cutting-board-paris-01-1.jpg 1000w\" alt=\"\" sizes=\"(max-width: 350px) 100vw, 350px\" width=\"350\" height=\"350\" class=\"attachment-woocommerce_thumbnail size-woocommerce_thumbnail wp-post-image  lazyload\" \/><img loading=\"lazy\" decoding=\"async\" src=\"https:\/\/norddeco.lt\/wp-content\/themes\/savoy\/assets\/img\/transparent.gif\" data-src=\"https:\/\/norddeco.lt\/wp-content\/uploads\/2023\/12\/cutting-board-paris-01-2-350x350.jpg\" data-srcset=\"https:\/\/norddeco.lt\/wp-content\/uploads\/2023\/12\/cutting-board-paris-01-2-350x350.jpg 350w, https:\/\/norddeco.lt\/wp-content\/uploads\/2023\/12\/cutting-board-paris-01-2-300x300.jpg 300w, https:\/\/norddeco.lt\/wp-content\/uploads\/2023\/12\/cutting-board-paris-01-2-150x150.jpg 150w, https:\/\/norddeco.lt\/wp-content\/uploads\/2023\/12\/cutting-board-paris-01-2-768x768.jpg 768w, https:\/\/norddeco.lt\/wp-content\/uploads\/2023\/12\/cutting-board-paris-01-2-680x680.jpg 680w, https:\/\/norddeco.lt\/wp-content\/uploads\/2023\/12\/cutting-board-paris-01-2-100x100.jpg 100w, https:\/\/norddeco.lt\/wp-content\/uploads\/2023\/12\/cutting-board-paris-01-2.jpg 1000w\" alt=\"\" sizes=\"(max-width: 350px) 100vw, 350px\" width=\"350\" height=\"350\" class=\"attachment-woocommerce_thumbnail size-woocommerce_thumbnail wp-post-image nm-shop-hover-image lazyload\" \/>            <\/a>\r\n        <\/div>\r\n        \r\n        <div class=\"nm-shop-loop-details\">\r\n            \r\n            <div class=\"nm-shop-loop-title-price\">\r\n            <h3 class=\"woocommerce-loop-product__title\"><a href=\"https:\/\/norddeco.lt\/fr\/magasin\/collection-francaise\/planche-paris-01\/\" class=\"nm-shop-loop-title-link woocommerce-LoopProduct-link\">Planche \u00e0 d\u00e9couper en ch\u00eane Paris 01<\/a><\/h3>\r\n\t<span class=\"price\"><span class=\"woocommerce-Price-amount amount\"><bdi>29,90&nbsp;<span class=\"woocommerce-Price-currencySymbol\">&euro;<\/span><\/bdi><\/span><\/span>\r\n            <\/div>\r\n\r\n            <div class=\"nm-shop-loop-actions\">\r\n            <a href=\"https:\/\/norddeco.lt\/fr\/magasin\/collection-francaise\/planche-paris-01\/\" class=\"nm-quickview-btn\">Afficher plus<\/a>            <\/div>\r\n        <\/div>\r\n        \r\n            <\/div>\r\n<\/li>\r\n<li class=\"product type-product post-6444 status-publish instock product_cat-lampes-en-bois product_cat-salon-espace-de-vie has-post-thumbnail purchasable product-type-variable\" data-product-id=\"6444\">\r\n\t<div class=\"nm-shop-loop-product-wrap\">\r\n        \r\n        <div class=\"nm-shop-loop-thumbnail\">\r\n                        \r\n            <a href=\"https:\/\/norddeco.lt\/fr\/magasin\/salon-espace-de-vie\/ensemble-de-lampes-scandinaves-monopolis-trio\/\" class=\"nm-shop-loop-thumbnail-link woocommerce-LoopProduct-link\">\r\n            <img loading=\"lazy\" decoding=\"async\" src=\"https:\/\/norddeco.lt\/wp-content\/themes\/savoy\/assets\/img\/placeholder.png\" data-src=\"https:\/\/norddeco.lt\/wp-content\/uploads\/2023\/12\/Monopolis-trio-350x350.jpg\" data-srcset=\"https:\/\/norddeco.lt\/wp-content\/uploads\/2023\/12\/Monopolis-trio-350x350.jpg 350w, https:\/\/norddeco.lt\/wp-content\/uploads\/2023\/12\/Monopolis-trio-300x300.jpg 300w, https:\/\/norddeco.lt\/wp-content\/uploads\/2023\/12\/Monopolis-trio-150x150.jpg 150w, https:\/\/norddeco.lt\/wp-content\/uploads\/2023\/12\/Monopolis-trio-680x680.jpg 680w, https:\/\/norddeco.lt\/wp-content\/uploads\/2023\/12\/Monopolis-trio-100x100.jpg 100w, https:\/\/norddeco.lt\/wp-content\/uploads\/2023\/12\/Monopolis-trio.jpg 750w\" alt=\"\" sizes=\"(max-width: 350px) 100vw, 350px\" width=\"350\" height=\"350\" class=\"attachment-woocommerce_thumbnail size-woocommerce_thumbnail wp-post-image  lazyload\" \/>            <\/a>\r\n        <\/div>\r\n        \r\n        <div class=\"nm-shop-loop-details\">\r\n            \r\n            <div class=\"nm-shop-loop-title-price\">\r\n            <h3 class=\"woocommerce-loop-product__title\"><a href=\"https:\/\/norddeco.lt\/fr\/magasin\/salon-espace-de-vie\/ensemble-de-lampes-scandinaves-monopolis-trio\/\" class=\"nm-shop-loop-title-link woocommerce-LoopProduct-link\">Ensemble de lampes scandinaves Monopolis trio<\/a><\/h3>\r\n\t<span class=\"price\"><span class=\"woocommerce-Price-amount amount\"><bdi>119,90&nbsp;<span class=\"woocommerce-Price-currencySymbol\">&euro;<\/span><\/bdi><\/span><\/span>\r\n            <\/div>\r\n\r\n            <div class=\"nm-shop-loop-actions\">\r\n            <a href=\"https:\/\/norddeco.lt\/fr\/magasin\/salon-espace-de-vie\/ensemble-de-lampes-scandinaves-monopolis-trio\/\" class=\"nm-quickview-btn\">Afficher plus<\/a>            <\/div>\r\n        <\/div>\r\n        \r\n            <\/div>\r\n<\/li>\r\n<li class=\"product type-product post-7716 status-publish instock product_cat-cuisine-salle-a-manger product_cat-sous-verres-en-bois has-post-thumbnail purchasable product-type-variable\" data-product-id=\"7716\">\r\n\t<div class=\"nm-shop-loop-product-wrap\">\r\n        \r\n        <div class=\"nm-shop-loop-thumbnail\">\r\n                        \r\n            <a href=\"https:\/\/norddeco.lt\/fr\/magasin\/sous-verres-en-bois\/dessous-de-verre-en-bois-o-11\/\" class=\"nm-shop-loop-thumbnail-link woocommerce-LoopProduct-link\">\r\n            <img loading=\"lazy\" decoding=\"async\" src=\"https:\/\/norddeco.lt\/wp-content\/themes\/savoy\/assets\/img\/placeholder.png\" data-src=\"https:\/\/norddeco.lt\/wp-content\/uploads\/2023\/12\/wooden-coaster-o11-350x350.jpg\" data-srcset=\"https:\/\/norddeco.lt\/wp-content\/uploads\/2023\/12\/wooden-coaster-o11-350x350.jpg 350w, https:\/\/norddeco.lt\/wp-content\/uploads\/2023\/12\/wooden-coaster-o11-300x300.jpg 300w, https:\/\/norddeco.lt\/wp-content\/uploads\/2023\/12\/wooden-coaster-o11-150x150.jpg 150w, https:\/\/norddeco.lt\/wp-content\/uploads\/2023\/12\/wooden-coaster-o11-768x768.jpg 768w, https:\/\/norddeco.lt\/wp-content\/uploads\/2023\/12\/wooden-coaster-o11-680x680.jpg 680w, https:\/\/norddeco.lt\/wp-content\/uploads\/2023\/12\/wooden-coaster-o11-100x100.jpg 100w, https:\/\/norddeco.lt\/wp-content\/uploads\/2023\/12\/wooden-coaster-o11.jpg 1000w\" alt=\"\" sizes=\"(max-width: 350px) 100vw, 350px\" width=\"350\" height=\"350\" class=\"attachment-woocommerce_thumbnail size-woocommerce_thumbnail wp-post-image  lazyload\" \/>            <\/a>\r\n        <\/div>\r\n        \r\n        <div class=\"nm-shop-loop-details\">\r\n            \r\n            <div class=\"nm-shop-loop-title-price\">\r\n            <h3 class=\"woocommerce-loop-product__title\"><a href=\"https:\/\/norddeco.lt\/fr\/magasin\/sous-verres-en-bois\/dessous-de-verre-en-bois-o-11\/\" class=\"nm-shop-loop-title-link woocommerce-LoopProduct-link\">Dessous de verre en bois O-11<\/a><\/h3>\r\n\t<span class=\"price\"><span class=\"woocommerce-Price-amount amount\"><bdi>4,50&nbsp;<span class=\"woocommerce-Price-currencySymbol\">&euro;<\/span><\/bdi><\/span> &ndash; <span class=\"woocommerce-Price-amount amount\"><bdi>12,90&nbsp;<span class=\"woocommerce-Price-currencySymbol\">&euro;<\/span><\/bdi><\/span><\/span>\r\n            <\/div>\r\n\r\n            <div class=\"nm-shop-loop-actions\">\r\n            <a href=\"https:\/\/norddeco.lt\/fr\/magasin\/sous-verres-en-bois\/dessous-de-verre-en-bois-o-11\/\" class=\"nm-quickview-btn\">Afficher plus<\/a>            <\/div>\r\n        <\/div>\r\n        \r\n            <\/div>\r\n<\/li>\r\n<li class=\"product type-product post-6951 status-publish last instock product_cat-cuisine-salle-a-manger product_cat-sous-verres-en-bois has-post-thumbnail purchasable product-type-variable\" data-product-id=\"6951\">\r\n\t<div class=\"nm-shop-loop-product-wrap\">\r\n        \r\n        <div class=\"nm-shop-loop-thumbnail\">\r\n                        \r\n            <a href=\"https:\/\/norddeco.lt\/fr\/magasin\/sous-verres-en-bois\/dessous-de-verre-en-bois-h-21\/\" class=\"nm-shop-loop-thumbnail-link woocommerce-LoopProduct-link\">\r\n            <img loading=\"lazy\" decoding=\"async\" src=\"https:\/\/norddeco.lt\/wp-content\/themes\/savoy\/assets\/img\/placeholder.png\" data-src=\"https:\/\/norddeco.lt\/wp-content\/uploads\/2023\/12\/wooden-coaster-h-21-350x350.jpg\" data-srcset=\"https:\/\/norddeco.lt\/wp-content\/uploads\/2023\/12\/wooden-coaster-h-21-350x350.jpg 350w, https:\/\/norddeco.lt\/wp-content\/uploads\/2023\/12\/wooden-coaster-h-21-300x300.jpg 300w, https:\/\/norddeco.lt\/wp-content\/uploads\/2023\/12\/wooden-coaster-h-21-150x150.jpg 150w, https:\/\/norddeco.lt\/wp-content\/uploads\/2023\/12\/wooden-coaster-h-21-768x768.jpg 768w, https:\/\/norddeco.lt\/wp-content\/uploads\/2023\/12\/wooden-coaster-h-21-680x680.jpg 680w, https:\/\/norddeco.lt\/wp-content\/uploads\/2023\/12\/wooden-coaster-h-21-100x100.jpg 100w, https:\/\/norddeco.lt\/wp-content\/uploads\/2023\/12\/wooden-coaster-h-21.jpg 1000w\" alt=\"\" sizes=\"(max-width: 350px) 100vw, 350px\" width=\"350\" height=\"350\" class=\"attachment-woocommerce_thumbnail size-woocommerce_thumbnail wp-post-image  lazyload\" \/>            <\/a>\r\n        <\/div>\r\n        \r\n        <div class=\"nm-shop-loop-details\">\r\n            \r\n            <div class=\"nm-shop-loop-title-price\">\r\n            <h3 class=\"woocommerce-loop-product__title\"><a href=\"https:\/\/norddeco.lt\/fr\/magasin\/sous-verres-en-bois\/dessous-de-verre-en-bois-h-21\/\" class=\"nm-shop-loop-title-link woocommerce-LoopProduct-link\">Dessous de verre en bois H-21<\/a><\/h3>\r\n\t<span class=\"price\"><span class=\"woocommerce-Price-amount amount\"><bdi>4,50&nbsp;<span class=\"woocommerce-Price-currencySymbol\">&euro;<\/span><\/bdi><\/span> &ndash; <span class=\"woocommerce-Price-amount amount\"><bdi>12,90&nbsp;<span class=\"woocommerce-Price-currencySymbol\">&euro;<\/span><\/bdi><\/span><\/span>\r\n            <\/div>\r\n\r\n            <div class=\"nm-shop-loop-actions\">\r\n            <a href=\"https:\/\/norddeco.lt\/fr\/magasin\/sous-verres-en-bois\/dessous-de-verre-en-bois-h-21\/\" class=\"nm-quickview-btn\">Afficher plus<\/a>            <\/div>\r\n        <\/div>\r\n        \r\n            <\/div>\r\n<\/li>\r\n<li class=\"product type-product post-6474 status-publish first instock product_cat-lampes-en-bois has-post-thumbnail purchasable product-type-variable\" data-product-id=\"6474\">\r\n\t<div class=\"nm-shop-loop-product-wrap\">\r\n        \r\n        <div class=\"nm-shop-loop-thumbnail\">\r\n                        \r\n            <a href=\"https:\/\/norddeco.lt\/fr\/magasin\/lampes-en-bois\/lampe-scandinave-madrid\/\" class=\"nm-shop-loop-thumbnail-link woocommerce-LoopProduct-link\">\r\n            <img loading=\"lazy\" decoding=\"async\" src=\"https:\/\/norddeco.lt\/wp-content\/themes\/savoy\/assets\/img\/placeholder.png\" data-src=\"https:\/\/norddeco.lt\/wp-content\/uploads\/2023\/12\/Madrid-S-350x350.jpg\" data-srcset=\"https:\/\/norddeco.lt\/wp-content\/uploads\/2023\/12\/Madrid-S-350x350.jpg 350w, https:\/\/norddeco.lt\/wp-content\/uploads\/2023\/12\/Madrid-S-300x300.jpg 300w, https:\/\/norddeco.lt\/wp-content\/uploads\/2023\/12\/Madrid-S-150x150.jpg 150w, https:\/\/norddeco.lt\/wp-content\/uploads\/2023\/12\/Madrid-S-680x680.jpg 680w, https:\/\/norddeco.lt\/wp-content\/uploads\/2023\/12\/Madrid-S-100x100.jpg 100w, https:\/\/norddeco.lt\/wp-content\/uploads\/2023\/12\/Madrid-S.jpg 750w\" alt=\"\" sizes=\"(max-width: 350px) 100vw, 350px\" width=\"350\" height=\"350\" class=\"attachment-woocommerce_thumbnail size-woocommerce_thumbnail wp-post-image  lazyload\" \/>            <\/a>\r\n        <\/div>\r\n        \r\n        <div class=\"nm-shop-loop-details\">\r\n            \r\n            <div class=\"nm-shop-loop-title-price\">\r\n            <h3 class=\"woocommerce-loop-product__title\"><a href=\"https:\/\/norddeco.lt\/fr\/magasin\/lampes-en-bois\/lampe-scandinave-madrid\/\" class=\"nm-shop-loop-title-link woocommerce-LoopProduct-link\">Lampe scandinave Madrid<\/a><\/h3>\r\n\t<span class=\"price\"><span class=\"woocommerce-Price-amount amount\"><bdi>149,90&nbsp;<span class=\"woocommerce-Price-currencySymbol\">&euro;<\/span><\/bdi><\/span> &ndash; <span class=\"woocommerce-Price-amount amount\"><bdi>299,90&nbsp;<span class=\"woocommerce-Price-currencySymbol\">&euro;<\/span><\/bdi><\/span><\/span>\r\n            <\/div>\r\n\r\n            <div class=\"nm-shop-loop-actions\">\r\n            <a href=\"https:\/\/norddeco.lt\/fr\/magasin\/lampes-en-bois\/lampe-scandinave-madrid\/\" class=\"nm-quickview-btn\">Afficher plus<\/a>            <\/div>\r\n        <\/div>\r\n        \r\n            <\/div>\r\n<\/li>\r\n<li class=\"product type-product post-7089 status-publish instock product_cat-sous-verres-en-bois has-post-thumbnail purchasable product-type-simple\" data-product-id=\"7089\">\r\n\t<div class=\"nm-shop-loop-product-wrap\">\r\n        \r\n        <div class=\"nm-shop-loop-thumbnail\">\r\n                        \r\n            <a href=\"https:\/\/norddeco.lt\/fr\/magasin\/sous-verres-en-bois\/dessous-de-verre-en-bois-o-220\/\" class=\"nm-shop-loop-thumbnail-link woocommerce-LoopProduct-link\">\r\n            <img loading=\"lazy\" decoding=\"async\" src=\"https:\/\/norddeco.lt\/wp-content\/themes\/savoy\/assets\/img\/placeholder.png\" data-src=\"https:\/\/norddeco.lt\/wp-content\/uploads\/2023\/12\/wooden-coaster-o220-350x350.jpg\" data-srcset=\"https:\/\/norddeco.lt\/wp-content\/uploads\/2023\/12\/wooden-coaster-o220-350x350.jpg 350w, https:\/\/norddeco.lt\/wp-content\/uploads\/2023\/12\/wooden-coaster-o220-300x300.jpg 300w, https:\/\/norddeco.lt\/wp-content\/uploads\/2023\/12\/wooden-coaster-o220-150x150.jpg 150w, https:\/\/norddeco.lt\/wp-content\/uploads\/2023\/12\/wooden-coaster-o220-768x768.jpg 768w, https:\/\/norddeco.lt\/wp-content\/uploads\/2023\/12\/wooden-coaster-o220-680x680.jpg 680w, https:\/\/norddeco.lt\/wp-content\/uploads\/2023\/12\/wooden-coaster-o220-100x100.jpg 100w, https:\/\/norddeco.lt\/wp-content\/uploads\/2023\/12\/wooden-coaster-o220.jpg 1000w\" alt=\"\" sizes=\"(max-width: 350px) 100vw, 350px\" width=\"350\" height=\"350\" class=\"attachment-woocommerce_thumbnail size-woocommerce_thumbnail wp-post-image  lazyload\" \/>            <\/a>\r\n        <\/div>\r\n        \r\n        <div class=\"nm-shop-loop-details\">\r\n            \r\n            <div class=\"nm-shop-loop-title-price\">\r\n            <h3 class=\"woocommerce-loop-product__title\"><a href=\"https:\/\/norddeco.lt\/fr\/magasin\/sous-verres-en-bois\/dessous-de-verre-en-bois-o-220\/\" class=\"nm-shop-loop-title-link woocommerce-LoopProduct-link\">Dessous de verre en bois O-220<\/a><\/h3>\r\n\t<span class=\"price\"><span class=\"woocommerce-Price-amount amount\"><bdi>4,50&nbsp;<span class=\"woocommerce-Price-currencySymbol\">&euro;<\/span><\/bdi><\/span><\/span>\r\n            <\/div>\r\n\r\n            <div class=\"nm-shop-loop-actions\">\r\n            <a href=\"https:\/\/norddeco.lt\/fr\/magasin\/sous-verres-en-bois\/dessous-de-verre-en-bois-o-220\/\" class=\"nm-quickview-btn\">Afficher plus<\/a>            <\/div>\r\n        <\/div>\r\n        \r\n            <\/div>\r\n<\/li>\r\n<li class=\"product type-product post-6516 status-publish instock product_cat-collection-francaise product_cat-cuisine-salle-a-manger product_cat-planches-a-decouper has-post-thumbnail taxable shipping-taxable purchasable product-type-simple\" data-product-id=\"6516\">\r\n\t<div class=\"nm-shop-loop-product-wrap\">\r\n        \r\n        <div class=\"nm-shop-loop-thumbnail\">\r\n                        \r\n            <a href=\"https:\/\/norddeco.lt\/fr\/magasin\/collection-francaise\/planche-paris-02\/\" class=\"nm-shop-loop-thumbnail-link woocommerce-LoopProduct-link\">\r\n            <img loading=\"lazy\" decoding=\"async\" src=\"https:\/\/norddeco.lt\/wp-content\/themes\/savoy\/assets\/img\/placeholder.png\" data-src=\"https:\/\/norddeco.lt\/wp-content\/uploads\/2023\/12\/cutting-board-paris-02-1-350x350.jpg\" data-srcset=\"https:\/\/norddeco.lt\/wp-content\/uploads\/2023\/12\/cutting-board-paris-02-1-350x350.jpg 350w, https:\/\/norddeco.lt\/wp-content\/uploads\/2023\/12\/cutting-board-paris-02-1-300x300.jpg 300w, https:\/\/norddeco.lt\/wp-content\/uploads\/2023\/12\/cutting-board-paris-02-1-150x150.jpg 150w, https:\/\/norddeco.lt\/wp-content\/uploads\/2023\/12\/cutting-board-paris-02-1-768x768.jpg 768w, https:\/\/norddeco.lt\/wp-content\/uploads\/2023\/12\/cutting-board-paris-02-1-680x680.jpg 680w, https:\/\/norddeco.lt\/wp-content\/uploads\/2023\/12\/cutting-board-paris-02-1-100x100.jpg 100w, https:\/\/norddeco.lt\/wp-content\/uploads\/2023\/12\/cutting-board-paris-02-1.jpg 1000w\" alt=\"\" sizes=\"(max-width: 350px) 100vw, 350px\" width=\"350\" height=\"350\" class=\"attachment-woocommerce_thumbnail size-woocommerce_thumbnail wp-post-image  lazyload\" \/><img loading=\"lazy\" decoding=\"async\" src=\"https:\/\/norddeco.lt\/wp-content\/themes\/savoy\/assets\/img\/transparent.gif\" data-src=\"https:\/\/norddeco.lt\/wp-content\/uploads\/2023\/12\/cutting-board-paris-02-2-350x350.jpg\" data-srcset=\"https:\/\/norddeco.lt\/wp-content\/uploads\/2023\/12\/cutting-board-paris-02-2-350x350.jpg 350w, https:\/\/norddeco.lt\/wp-content\/uploads\/2023\/12\/cutting-board-paris-02-2-300x300.jpg 300w, https:\/\/norddeco.lt\/wp-content\/uploads\/2023\/12\/cutting-board-paris-02-2-150x150.jpg 150w, https:\/\/norddeco.lt\/wp-content\/uploads\/2023\/12\/cutting-board-paris-02-2-768x768.jpg 768w, https:\/\/norddeco.lt\/wp-content\/uploads\/2023\/12\/cutting-board-paris-02-2-680x680.jpg 680w, https:\/\/norddeco.lt\/wp-content\/uploads\/2023\/12\/cutting-board-paris-02-2-100x100.jpg 100w, https:\/\/norddeco.lt\/wp-content\/uploads\/2023\/12\/cutting-board-paris-02-2.jpg 1000w\" alt=\"\" sizes=\"(max-width: 350px) 100vw, 350px\" width=\"350\" height=\"350\" class=\"attachment-woocommerce_thumbnail size-woocommerce_thumbnail wp-post-image nm-shop-hover-image lazyload\" \/>            <\/a>\r\n        <\/div>\r\n        \r\n        <div class=\"nm-shop-loop-details\">\r\n            \r\n            <div class=\"nm-shop-loop-title-price\">\r\n            <h3 class=\"woocommerce-loop-product__title\"><a href=\"https:\/\/norddeco.lt\/fr\/magasin\/collection-francaise\/planche-paris-02\/\" class=\"nm-shop-loop-title-link woocommerce-LoopProduct-link\">Planche \u00e0 d\u00e9couper en ch\u00eane Paris 02<\/a><\/h3>\r\n\t<span class=\"price\"><span class=\"woocommerce-Price-amount amount\"><bdi>29,90&nbsp;<span class=\"woocommerce-Price-currencySymbol\">&euro;<\/span><\/bdi><\/span><\/span>\r\n            <\/div>\r\n\r\n            <div class=\"nm-shop-loop-actions\">\r\n            <a href=\"https:\/\/norddeco.lt\/fr\/magasin\/collection-francaise\/planche-paris-02\/\" class=\"nm-quickview-btn\">Afficher plus<\/a>            <\/div>\r\n        <\/div>\r\n        \r\n            <\/div>\r\n<\/li>\r\n<li class=\"product type-product post-6588 status-publish last instock product_cat-collection-francaise product_cat-sous-verres-en-bois has-post-thumbnail purchasable product-type-simple\" data-product-id=\"6588\">\r\n\t<div class=\"nm-shop-loop-product-wrap\">\r\n        \r\n        <div class=\"nm-shop-loop-thumbnail\">\r\n                        \r\n            <a href=\"https:\/\/norddeco.lt\/fr\/magasin\/sous-verres-en-bois\/dessous-de-verre-en-bois-france-06\/\" class=\"nm-shop-loop-thumbnail-link woocommerce-LoopProduct-link\">\r\n            <img loading=\"lazy\" decoding=\"async\" src=\"https:\/\/norddeco.lt\/wp-content\/themes\/savoy\/assets\/img\/placeholder.png\" data-src=\"https:\/\/norddeco.lt\/wp-content\/uploads\/2023\/12\/France-06-350x350.jpg\" data-srcset=\"https:\/\/norddeco.lt\/wp-content\/uploads\/2023\/12\/France-06-350x350.jpg 350w, https:\/\/norddeco.lt\/wp-content\/uploads\/2023\/12\/France-06-300x300.jpg 300w, https:\/\/norddeco.lt\/wp-content\/uploads\/2023\/12\/France-06-150x150.jpg 150w, https:\/\/norddeco.lt\/wp-content\/uploads\/2023\/12\/France-06-768x768.jpg 768w, https:\/\/norddeco.lt\/wp-content\/uploads\/2023\/12\/France-06-680x680.jpg 680w, https:\/\/norddeco.lt\/wp-content\/uploads\/2023\/12\/France-06-100x100.jpg 100w, https:\/\/norddeco.lt\/wp-content\/uploads\/2023\/12\/France-06.jpg 1000w\" alt=\"\" sizes=\"(max-width: 350px) 100vw, 350px\" width=\"350\" height=\"350\" class=\"attachment-woocommerce_thumbnail size-woocommerce_thumbnail wp-post-image  lazyload\" \/>            <\/a>\r\n        <\/div>\r\n        \r\n        <div class=\"nm-shop-loop-details\">\r\n            \r\n            <div class=\"nm-shop-loop-title-price\">\r\n            <h3 class=\"woocommerce-loop-product__title\"><a href=\"https:\/\/norddeco.lt\/fr\/magasin\/sous-verres-en-bois\/dessous-de-verre-en-bois-france-06\/\" class=\"nm-shop-loop-title-link woocommerce-LoopProduct-link\">Dessous de verre en bois France 06<\/a><\/h3>\r\n\t<span class=\"price\"><span class=\"woocommerce-Price-amount amount\"><bdi>4,50&nbsp;<span class=\"woocommerce-Price-currencySymbol\">&euro;<\/span><\/bdi><\/span><\/span>\r\n            <\/div>\r\n\r\n            <div class=\"nm-shop-loop-actions\">\r\n            <a href=\"https:\/\/norddeco.lt\/fr\/magasin\/sous-verres-en-bois\/dessous-de-verre-en-bois-france-06\/\" class=\"nm-quickview-btn\">Afficher plus<\/a>            <\/div>\r\n        <\/div>\r\n        \r\n            <\/div>\r\n<\/li>\r\n<li class=\"product type-product post-6495 status-publish first instock product_cat-collection-francaise product_cat-sous-verres-en-bois has-post-thumbnail purchasable product-type-simple\" data-product-id=\"6495\">\r\n\t<div class=\"nm-shop-loop-product-wrap\">\r\n        \r\n        <div class=\"nm-shop-loop-thumbnail\">\r\n                        \r\n            <a href=\"https:\/\/norddeco.lt\/fr\/magasin\/sous-verres-en-bois\/dessous-de-verre-en-bois-france-08\/\" class=\"nm-shop-loop-thumbnail-link woocommerce-LoopProduct-link\">\r\n            <img loading=\"lazy\" decoding=\"async\" src=\"https:\/\/norddeco.lt\/wp-content\/themes\/savoy\/assets\/img\/placeholder.png\" data-src=\"https:\/\/norddeco.lt\/wp-content\/uploads\/2023\/12\/France-08-350x350.jpg\" data-srcset=\"https:\/\/norddeco.lt\/wp-content\/uploads\/2023\/12\/France-08-350x350.jpg 350w, https:\/\/norddeco.lt\/wp-content\/uploads\/2023\/12\/France-08-300x300.jpg 300w, https:\/\/norddeco.lt\/wp-content\/uploads\/2023\/12\/France-08-150x150.jpg 150w, https:\/\/norddeco.lt\/wp-content\/uploads\/2023\/12\/France-08-768x768.jpg 768w, https:\/\/norddeco.lt\/wp-content\/uploads\/2023\/12\/France-08-680x680.jpg 680w, https:\/\/norddeco.lt\/wp-content\/uploads\/2023\/12\/France-08-100x100.jpg 100w, https:\/\/norddeco.lt\/wp-content\/uploads\/2023\/12\/France-08.jpg 1000w\" alt=\"\" sizes=\"(max-width: 350px) 100vw, 350px\" width=\"350\" height=\"350\" class=\"attachment-woocommerce_thumbnail size-woocommerce_thumbnail wp-post-image  lazyload\" \/>            <\/a>\r\n        <\/div>\r\n        \r\n        <div class=\"nm-shop-loop-details\">\r\n            \r\n            <div class=\"nm-shop-loop-title-price\">\r\n            <h3 class=\"woocommerce-loop-product__title\"><a href=\"https:\/\/norddeco.lt\/fr\/magasin\/sous-verres-en-bois\/dessous-de-verre-en-bois-france-08\/\" class=\"nm-shop-loop-title-link woocommerce-LoopProduct-link\">Dessous de verre en bois France 08<\/a><\/h3>\r\n\t<span class=\"price\"><span class=\"woocommerce-Price-amount amount\"><bdi>4,50&nbsp;<span class=\"woocommerce-Price-currencySymbol\">&euro;<\/span><\/bdi><\/span><\/span>\r\n            <\/div>\r\n\r\n            <div class=\"nm-shop-loop-actions\">\r\n            <a href=\"https:\/\/norddeco.lt\/fr\/magasin\/sous-verres-en-bois\/dessous-de-verre-en-bois-france-08\/\" class=\"nm-quickview-btn\">Afficher plus<\/a>            <\/div>\r\n        <\/div>\r\n        \r\n            <\/div>\r\n<\/li>\r\n<li class=\"product type-product post-7461 status-publish instock product_cat-sous-verres-en-bois has-post-thumbnail purchasable product-type-simple\" data-product-id=\"7461\">\r\n\t<div class=\"nm-shop-loop-product-wrap\">\r\n        \r\n        <div class=\"nm-shop-loop-thumbnail\">\r\n                        \r\n            <a href=\"https:\/\/norddeco.lt\/fr\/magasin\/sous-verres-en-bois\/dessous-de-verre-en-bois-o-61\/\" class=\"nm-shop-loop-thumbnail-link woocommerce-LoopProduct-link\">\r\n            <img loading=\"lazy\" decoding=\"async\" src=\"https:\/\/norddeco.lt\/wp-content\/themes\/savoy\/assets\/img\/placeholder.png\" data-src=\"https:\/\/norddeco.lt\/wp-content\/uploads\/2023\/12\/wooden-coaster-o61-350x350.jpg\" data-srcset=\"https:\/\/norddeco.lt\/wp-content\/uploads\/2023\/12\/wooden-coaster-o61-350x350.jpg 350w, https:\/\/norddeco.lt\/wp-content\/uploads\/2023\/12\/wooden-coaster-o61-300x300.jpg 300w, https:\/\/norddeco.lt\/wp-content\/uploads\/2023\/12\/wooden-coaster-o61-150x150.jpg 150w, https:\/\/norddeco.lt\/wp-content\/uploads\/2023\/12\/wooden-coaster-o61-768x768.jpg 768w, https:\/\/norddeco.lt\/wp-content\/uploads\/2023\/12\/wooden-coaster-o61-680x680.jpg 680w, https:\/\/norddeco.lt\/wp-content\/uploads\/2023\/12\/wooden-coaster-o61-100x100.jpg 100w, https:\/\/norddeco.lt\/wp-content\/uploads\/2023\/12\/wooden-coaster-o61.jpg 1000w\" alt=\"\" sizes=\"(max-width: 350px) 100vw, 350px\" width=\"350\" height=\"350\" class=\"attachment-woocommerce_thumbnail size-woocommerce_thumbnail wp-post-image  lazyload\" \/>            <\/a>\r\n        <\/div>\r\n        \r\n        <div class=\"nm-shop-loop-details\">\r\n            \r\n            <div class=\"nm-shop-loop-title-price\">\r\n            <h3 class=\"woocommerce-loop-product__title\"><a href=\"https:\/\/norddeco.lt\/fr\/magasin\/sous-verres-en-bois\/dessous-de-verre-en-bois-o-61\/\" class=\"nm-shop-loop-title-link woocommerce-LoopProduct-link\">Dessous de verre en bois O-61<\/a><\/h3>\r\n\t<span class=\"price\"><span class=\"woocommerce-Price-amount amount\"><bdi>4,50&nbsp;<span class=\"woocommerce-Price-currencySymbol\">&euro;<\/span><\/bdi><\/span><\/span>\r\n            <\/div>\r\n\r\n            <div class=\"nm-shop-loop-actions\">\r\n            <a href=\"https:\/\/norddeco.lt\/fr\/magasin\/sous-verres-en-bois\/dessous-de-verre-en-bois-o-61\/\" class=\"nm-quickview-btn\">Afficher plus<\/a>            <\/div>\r\n        <\/div>\r\n        \r\n            <\/div>\r\n<\/li>\r\n<li class=\"product type-product post-7728 status-publish instock product_cat-cuisine-salle-a-manger product_cat-sous-verres-en-bois has-post-thumbnail purchasable product-type-variable\" data-product-id=\"7728\">\r\n\t<div class=\"nm-shop-loop-product-wrap\">\r\n        \r\n        <div class=\"nm-shop-loop-thumbnail\">\r\n                        \r\n            <a href=\"https:\/\/norddeco.lt\/fr\/magasin\/sous-verres-en-bois\/dessous-de-verre-en-bois-o-12\/\" class=\"nm-shop-loop-thumbnail-link woocommerce-LoopProduct-link\">\r\n            <img loading=\"lazy\" decoding=\"async\" src=\"https:\/\/norddeco.lt\/wp-content\/themes\/savoy\/assets\/img\/placeholder.png\" data-src=\"https:\/\/norddeco.lt\/wp-content\/uploads\/2023\/12\/wooden-coaster-o12-1-350x350.jpg\" data-srcset=\"https:\/\/norddeco.lt\/wp-content\/uploads\/2023\/12\/wooden-coaster-o12-1-350x350.jpg 350w, https:\/\/norddeco.lt\/wp-content\/uploads\/2023\/12\/wooden-coaster-o12-1-300x300.jpg 300w, https:\/\/norddeco.lt\/wp-content\/uploads\/2023\/12\/wooden-coaster-o12-1-150x150.jpg 150w, https:\/\/norddeco.lt\/wp-content\/uploads\/2023\/12\/wooden-coaster-o12-1-768x768.jpg 768w, https:\/\/norddeco.lt\/wp-content\/uploads\/2023\/12\/wooden-coaster-o12-1-680x680.jpg 680w, https:\/\/norddeco.lt\/wp-content\/uploads\/2023\/12\/wooden-coaster-o12-1-100x100.jpg 100w, https:\/\/norddeco.lt\/wp-content\/uploads\/2023\/12\/wooden-coaster-o12-1.jpg 1000w\" alt=\"\" sizes=\"(max-width: 350px) 100vw, 350px\" width=\"350\" height=\"350\" class=\"attachment-woocommerce_thumbnail size-woocommerce_thumbnail wp-post-image  lazyload\" \/>            <\/a>\r\n        <\/div>\r\n        \r\n        <div class=\"nm-shop-loop-details\">\r\n            \r\n            <div class=\"nm-shop-loop-title-price\">\r\n            <h3 class=\"woocommerce-loop-product__title\"><a href=\"https:\/\/norddeco.lt\/fr\/magasin\/sous-verres-en-bois\/dessous-de-verre-en-bois-o-12\/\" class=\"nm-shop-loop-title-link woocommerce-LoopProduct-link\">Dessous de verre en bois O-12<\/a><\/h3>\r\n\t<span class=\"price\"><span class=\"woocommerce-Price-amount amount\"><bdi>4,50&nbsp;<span class=\"woocommerce-Price-currencySymbol\">&euro;<\/span><\/bdi><\/span> &ndash; <span class=\"woocommerce-Price-amount amount\"><bdi>12,90&nbsp;<span class=\"woocommerce-Price-currencySymbol\">&euro;<\/span><\/bdi><\/span><\/span>\r\n            <\/div>\r\n\r\n            <div class=\"nm-shop-loop-actions\">\r\n            <a href=\"https:\/\/norddeco.lt\/fr\/magasin\/sous-verres-en-bois\/dessous-de-verre-en-bois-o-12\/\" class=\"nm-quickview-btn\">Afficher plus<\/a>            <\/div>\r\n        <\/div>\r\n        \r\n            <\/div>\r\n<\/li>\r\n<li class=\"product type-product post-6201 status-publish last instock product_cat-lampes-en-bois product_cat-salon-espace-de-vie has-post-thumbnail purchasable product-type-variable\" data-product-id=\"6201\">\r\n\t<div class=\"nm-shop-loop-product-wrap\">\r\n        \r\n        <div class=\"nm-shop-loop-thumbnail\">\r\n                        \r\n            <a href=\"https:\/\/norddeco.lt\/fr\/magasin\/salon-espace-de-vie\/lampe-scandinave-lukas\/\" class=\"nm-shop-loop-thumbnail-link woocommerce-LoopProduct-link\">\r\n            <img loading=\"lazy\" decoding=\"async\" src=\"https:\/\/norddeco.lt\/wp-content\/themes\/savoy\/assets\/img\/placeholder.png\" data-src=\"https:\/\/norddeco.lt\/wp-content\/uploads\/2023\/12\/Luka-S-350x350.jpg\" data-srcset=\"https:\/\/norddeco.lt\/wp-content\/uploads\/2023\/12\/Luka-S-350x350.jpg 350w, https:\/\/norddeco.lt\/wp-content\/uploads\/2023\/12\/Luka-S-300x300.jpg 300w, https:\/\/norddeco.lt\/wp-content\/uploads\/2023\/12\/Luka-S-150x150.jpg 150w, https:\/\/norddeco.lt\/wp-content\/uploads\/2023\/12\/Luka-S-680x680.jpg 680w, https:\/\/norddeco.lt\/wp-content\/uploads\/2023\/12\/Luka-S-100x100.jpg 100w, https:\/\/norddeco.lt\/wp-content\/uploads\/2023\/12\/Luka-S.jpg 750w\" alt=\"\" sizes=\"(max-width: 350px) 100vw, 350px\" width=\"350\" height=\"350\" class=\"attachment-woocommerce_thumbnail size-woocommerce_thumbnail wp-post-image  lazyload\" \/>            <\/a>\r\n        <\/div>\r\n        \r\n        <div class=\"nm-shop-loop-details\">\r\n            \r\n            <div class=\"nm-shop-loop-title-price\">\r\n            <h3 class=\"woocommerce-loop-product__title\"><a href=\"https:\/\/norddeco.lt\/fr\/magasin\/salon-espace-de-vie\/lampe-scandinave-lukas\/\" class=\"nm-shop-loop-title-link woocommerce-LoopProduct-link\">Lampe scandinave Luka S<\/a><\/h3>\r\n\t<span class=\"price\"><span class=\"woocommerce-Price-amount amount\"><bdi>159,90&nbsp;<span class=\"woocommerce-Price-currencySymbol\">&euro;<\/span><\/bdi><\/span><\/span>\r\n            <\/div>\r\n\r\n            <div class=\"nm-shop-loop-actions\">\r\n            <a href=\"https:\/\/norddeco.lt\/fr\/magasin\/salon-espace-de-vie\/lampe-scandinave-lukas\/\" class=\"nm-quickview-btn\">Afficher plus<\/a>            <\/div>\r\n        <\/div>\r\n        \r\n            <\/div>\r\n<\/li>\r\n<li class=\"product type-product post-6582 status-publish first instock product_cat-collection-francaise product_cat-sous-verres-en-bois has-post-thumbnail purchasable product-type-simple\" data-product-id=\"6582\">\r\n\t<div class=\"nm-shop-loop-product-wrap\">\r\n        \r\n        <div class=\"nm-shop-loop-thumbnail\">\r\n                        \r\n            <a href=\"https:\/\/norddeco.lt\/fr\/magasin\/sous-verres-en-bois\/dessous-de-verre-en-bois-france-04\/\" class=\"nm-shop-loop-thumbnail-link woocommerce-LoopProduct-link\">\r\n            <img loading=\"lazy\" decoding=\"async\" src=\"https:\/\/norddeco.lt\/wp-content\/themes\/savoy\/assets\/img\/placeholder.png\" data-src=\"https:\/\/norddeco.lt\/wp-content\/uploads\/2023\/12\/France-04-350x350.jpg\" data-srcset=\"https:\/\/norddeco.lt\/wp-content\/uploads\/2023\/12\/France-04-350x350.jpg 350w, https:\/\/norddeco.lt\/wp-content\/uploads\/2023\/12\/France-04-300x300.jpg 300w, https:\/\/norddeco.lt\/wp-content\/uploads\/2023\/12\/France-04-150x150.jpg 150w, https:\/\/norddeco.lt\/wp-content\/uploads\/2023\/12\/France-04-768x768.jpg 768w, https:\/\/norddeco.lt\/wp-content\/uploads\/2023\/12\/France-04-680x680.jpg 680w, https:\/\/norddeco.lt\/wp-content\/uploads\/2023\/12\/France-04-100x100.jpg 100w, https:\/\/norddeco.lt\/wp-content\/uploads\/2023\/12\/France-04.jpg 1000w\" alt=\"\" sizes=\"(max-width: 350px) 100vw, 350px\" width=\"350\" height=\"350\" class=\"attachment-woocommerce_thumbnail size-woocommerce_thumbnail wp-post-image  lazyload\" \/>            <\/a>\r\n        <\/div>\r\n        \r\n        <div class=\"nm-shop-loop-details\">\r\n            \r\n            <div class=\"nm-shop-loop-title-price\">\r\n            <h3 class=\"woocommerce-loop-product__title\"><a href=\"https:\/\/norddeco.lt\/fr\/magasin\/sous-verres-en-bois\/dessous-de-verre-en-bois-france-04\/\" class=\"nm-shop-loop-title-link woocommerce-LoopProduct-link\">Dessous de verre en bois France 04<\/a><\/h3>\r\n\t<span class=\"price\"><span class=\"woocommerce-Price-amount amount\"><bdi>4,50&nbsp;<span class=\"woocommerce-Price-currencySymbol\">&euro;<\/span><\/bdi><\/span><\/span>\r\n            <\/div>\r\n\r\n            <div class=\"nm-shop-loop-actions\">\r\n            <a href=\"https:\/\/norddeco.lt\/fr\/magasin\/sous-verres-en-bois\/dessous-de-verre-en-bois-france-04\/\" class=\"nm-quickview-btn\">Afficher plus<\/a>            <\/div>\r\n        <\/div>\r\n        \r\n            <\/div>\r\n<\/li>\r\n<li class=\"product type-product post-6126 status-publish instock product_cat-collection-lituanienne product_cat-sous-verres-en-bois has-post-thumbnail taxable shipping-taxable purchasable product-type-simple\" data-product-id=\"6126\">\r\n\t<div class=\"nm-shop-loop-product-wrap\">\r\n        \r\n        <div class=\"nm-shop-loop-thumbnail\">\r\n                        \r\n            <a href=\"https:\/\/norddeco.lt\/fr\/magasin\/collection-lituanienne\/sous-verre-en-bois-klaipeda-1\/\" class=\"nm-shop-loop-thumbnail-link woocommerce-LoopProduct-link\">\r\n            <img loading=\"lazy\" decoding=\"async\" src=\"https:\/\/norddeco.lt\/wp-content\/themes\/savoy\/assets\/img\/placeholder.png\" data-src=\"https:\/\/norddeco.lt\/wp-content\/uploads\/2024\/01\/coaster-klaipeda-1-1-350x350.jpg\" data-srcset=\"https:\/\/norddeco.lt\/wp-content\/uploads\/2024\/01\/coaster-klaipeda-1-1-350x350.jpg 350w, https:\/\/norddeco.lt\/wp-content\/uploads\/2024\/01\/coaster-klaipeda-1-1-300x300.jpg 300w, https:\/\/norddeco.lt\/wp-content\/uploads\/2024\/01\/coaster-klaipeda-1-1-150x150.jpg 150w, https:\/\/norddeco.lt\/wp-content\/uploads\/2024\/01\/coaster-klaipeda-1-1-768x768.jpg 768w, https:\/\/norddeco.lt\/wp-content\/uploads\/2024\/01\/coaster-klaipeda-1-1-680x680.jpg 680w, https:\/\/norddeco.lt\/wp-content\/uploads\/2024\/01\/coaster-klaipeda-1-1-100x100.jpg 100w, https:\/\/norddeco.lt\/wp-content\/uploads\/2024\/01\/coaster-klaipeda-1-1.jpg 1000w\" alt=\"\" sizes=\"(max-width: 350px) 100vw, 350px\" width=\"350\" height=\"350\" class=\"attachment-woocommerce_thumbnail size-woocommerce_thumbnail wp-post-image  lazyload\" \/>            <\/a>\r\n        <\/div>\r\n        \r\n        <div class=\"nm-shop-loop-details\">\r\n            \r\n            <div class=\"nm-shop-loop-title-price\">\r\n            <h3 class=\"woocommerce-loop-product__title\"><a href=\"https:\/\/norddeco.lt\/fr\/magasin\/collection-lituanienne\/sous-verre-en-bois-klaipeda-1\/\" class=\"nm-shop-loop-title-link woocommerce-LoopProduct-link\">Sous-verre en bois Klaip\u0117da 1<\/a><\/h3>\r\n\t<span class=\"price\"><span class=\"woocommerce-Price-amount amount\"><bdi>4,50&nbsp;<span class=\"woocommerce-Price-currencySymbol\">&euro;<\/span><\/bdi><\/span><\/span>\r\n            <\/div>\r\n\r\n            <div class=\"nm-shop-loop-actions\">\r\n            <a href=\"https:\/\/norddeco.lt\/fr\/magasin\/collection-lituanienne\/sous-verre-en-bois-klaipeda-1\/\" class=\"nm-quickview-btn\">Afficher plus<\/a>            <\/div>\r\n        <\/div>\r\n        \r\n            <\/div>\r\n<\/li>\r\n<li class=\"product type-product post-6111 status-publish instock product_cat-collection-lituanienne product_cat-sous-verres-en-bois has-post-thumbnail taxable shipping-taxable purchasable product-type-simple\" data-product-id=\"6111\">\r\n\t<div class=\"nm-shop-loop-product-wrap\">\r\n        \r\n        <div class=\"nm-shop-loop-thumbnail\">\r\n                        \r\n            <a href=\"https:\/\/norddeco.lt\/fr\/magasin\/collection-lituanienne\/sous-verre-en-bois-vilnius-3\/\" class=\"nm-shop-loop-thumbnail-link woocommerce-LoopProduct-link\">\r\n            <img loading=\"lazy\" decoding=\"async\" src=\"https:\/\/norddeco.lt\/wp-content\/themes\/savoy\/assets\/img\/placeholder.png\" data-src=\"https:\/\/norddeco.lt\/wp-content\/uploads\/2024\/01\/coaster-vilnius-3-350x350.jpg\" data-srcset=\"https:\/\/norddeco.lt\/wp-content\/uploads\/2024\/01\/coaster-vilnius-3-350x350.jpg 350w, https:\/\/norddeco.lt\/wp-content\/uploads\/2024\/01\/coaster-vilnius-3-300x300.jpg 300w, https:\/\/norddeco.lt\/wp-content\/uploads\/2024\/01\/coaster-vilnius-3-150x150.jpg 150w, https:\/\/norddeco.lt\/wp-content\/uploads\/2024\/01\/coaster-vilnius-3-768x768.jpg 768w, https:\/\/norddeco.lt\/wp-content\/uploads\/2024\/01\/coaster-vilnius-3-680x680.jpg 680w, https:\/\/norddeco.lt\/wp-content\/uploads\/2024\/01\/coaster-vilnius-3-100x100.jpg 100w, https:\/\/norddeco.lt\/wp-content\/uploads\/2024\/01\/coaster-vilnius-3.jpg 1000w\" alt=\"\" sizes=\"(max-width: 350px) 100vw, 350px\" width=\"350\" height=\"350\" class=\"attachment-woocommerce_thumbnail size-woocommerce_thumbnail wp-post-image  lazyload\" \/>            <\/a>\r\n        <\/div>\r\n        \r\n        <div class=\"nm-shop-loop-details\">\r\n            \r\n            <div class=\"nm-shop-loop-title-price\">\r\n            <h3 class=\"woocommerce-loop-product__title\"><a href=\"https:\/\/norddeco.lt\/fr\/magasin\/collection-lituanienne\/sous-verre-en-bois-vilnius-3\/\" class=\"nm-shop-loop-title-link woocommerce-LoopProduct-link\">Sous-verre en bois Vilnius 3<\/a><\/h3>\r\n\t<span class=\"price\"><span class=\"woocommerce-Price-amount amount\"><bdi>4,50&nbsp;<span class=\"woocommerce-Price-currencySymbol\">&euro;<\/span><\/bdi><\/span><\/span>\r\n            <\/div>\r\n\r\n            <div class=\"nm-shop-loop-actions\">\r\n            <a href=\"https:\/\/norddeco.lt\/fr\/magasin\/collection-lituanienne\/sous-verre-en-bois-vilnius-3\/\" class=\"nm-quickview-btn\">Afficher plus<\/a>            <\/div>\r\n        <\/div>\r\n        \r\n            <\/div>\r\n<\/li>\r\n<li class=\"product type-product post-6135 status-publish last instock product_cat-collection-lituanienne product_cat-sous-verres-en-bois has-post-thumbnail taxable shipping-taxable purchasable product-type-simple\" data-product-id=\"6135\">\r\n\t<div class=\"nm-shop-loop-product-wrap\">\r\n        \r\n        <div class=\"nm-shop-loop-thumbnail\">\r\n                        \r\n            <a href=\"https:\/\/norddeco.lt\/fr\/magasin\/collection-lituanienne\/sous-verre-en-bois-kaunas-3\/\" class=\"nm-shop-loop-thumbnail-link woocommerce-LoopProduct-link\">\r\n            <img loading=\"lazy\" decoding=\"async\" src=\"https:\/\/norddeco.lt\/wp-content\/themes\/savoy\/assets\/img\/placeholder.png\" data-src=\"https:\/\/norddeco.lt\/wp-content\/uploads\/2024\/01\/coaster-kaunas-3-350x350.jpg\" data-srcset=\"https:\/\/norddeco.lt\/wp-content\/uploads\/2024\/01\/coaster-kaunas-3-350x350.jpg 350w, https:\/\/norddeco.lt\/wp-content\/uploads\/2024\/01\/coaster-kaunas-3-300x300.jpg 300w, https:\/\/norddeco.lt\/wp-content\/uploads\/2024\/01\/coaster-kaunas-3-150x150.jpg 150w, https:\/\/norddeco.lt\/wp-content\/uploads\/2024\/01\/coaster-kaunas-3-768x768.jpg 768w, https:\/\/norddeco.lt\/wp-content\/uploads\/2024\/01\/coaster-kaunas-3-680x680.jpg 680w, https:\/\/norddeco.lt\/wp-content\/uploads\/2024\/01\/coaster-kaunas-3-100x100.jpg 100w, https:\/\/norddeco.lt\/wp-content\/uploads\/2024\/01\/coaster-kaunas-3.jpg 1000w\" alt=\"\" sizes=\"(max-width: 350px) 100vw, 350px\" width=\"350\" height=\"350\" class=\"attachment-woocommerce_thumbnail size-woocommerce_thumbnail wp-post-image  lazyload\" \/>            <\/a>\r\n        <\/div>\r\n        \r\n        <div class=\"nm-shop-loop-details\">\r\n            \r\n            <div class=\"nm-shop-loop-title-price\">\r\n            <h3 class=\"woocommerce-loop-product__title\"><a href=\"https:\/\/norddeco.lt\/fr\/magasin\/collection-lituanienne\/sous-verre-en-bois-kaunas-3\/\" class=\"nm-shop-loop-title-link woocommerce-LoopProduct-link\">Sous-verre en bois Kaunas 3<\/a><\/h3>\r\n\t<span class=\"price\"><span class=\"woocommerce-Price-amount amount\"><bdi>4,50&nbsp;<span class=\"woocommerce-Price-currencySymbol\">&euro;<\/span><\/bdi><\/span><\/span>\r\n            <\/div>\r\n\r\n            <div class=\"nm-shop-loop-actions\">\r\n            <a href=\"https:\/\/norddeco.lt\/fr\/magasin\/collection-lituanienne\/sous-verre-en-bois-kaunas-3\/\" class=\"nm-quickview-btn\">Afficher plus<\/a>            <\/div>\r\n        <\/div>\r\n        \r\n            <\/div>\r\n<\/li>\r\n<li class=\"product type-product post-7563 status-publish first instock product_cat-sous-verres-en-bois has-post-thumbnail purchasable product-type-simple\" data-product-id=\"7563\">\r\n\t<div class=\"nm-shop-loop-product-wrap\">\r\n        \r\n        <div class=\"nm-shop-loop-thumbnail\">\r\n                        \r\n            <a href=\"https:\/\/norddeco.lt\/fr\/magasin\/sous-verres-en-bois\/dessous-de-verre-en-bois-o-54\/\" class=\"nm-shop-loop-thumbnail-link woocommerce-LoopProduct-link\">\r\n            <img loading=\"lazy\" decoding=\"async\" src=\"https:\/\/norddeco.lt\/wp-content\/themes\/savoy\/assets\/img\/placeholder.png\" data-src=\"https:\/\/norddeco.lt\/wp-content\/uploads\/2023\/12\/wooden-coaster-o54-350x350.jpg\" data-srcset=\"https:\/\/norddeco.lt\/wp-content\/uploads\/2023\/12\/wooden-coaster-o54-350x350.jpg 350w, https:\/\/norddeco.lt\/wp-content\/uploads\/2023\/12\/wooden-coaster-o54-300x300.jpg 300w, https:\/\/norddeco.lt\/wp-content\/uploads\/2023\/12\/wooden-coaster-o54-150x150.jpg 150w, https:\/\/norddeco.lt\/wp-content\/uploads\/2023\/12\/wooden-coaster-o54-768x768.jpg 768w, https:\/\/norddeco.lt\/wp-content\/uploads\/2023\/12\/wooden-coaster-o54-680x680.jpg 680w, https:\/\/norddeco.lt\/wp-content\/uploads\/2023\/12\/wooden-coaster-o54-100x100.jpg 100w, https:\/\/norddeco.lt\/wp-content\/uploads\/2023\/12\/wooden-coaster-o54.jpg 1000w\" alt=\"\" sizes=\"(max-width: 350px) 100vw, 350px\" width=\"350\" height=\"350\" class=\"attachment-woocommerce_thumbnail size-woocommerce_thumbnail wp-post-image  lazyload\" \/>            <\/a>\r\n        <\/div>\r\n        \r\n        <div class=\"nm-shop-loop-details\">\r\n            \r\n            <div class=\"nm-shop-loop-title-price\">\r\n            <h3 class=\"woocommerce-loop-product__title\"><a href=\"https:\/\/norddeco.lt\/fr\/magasin\/sous-verres-en-bois\/dessous-de-verre-en-bois-o-54\/\" class=\"nm-shop-loop-title-link woocommerce-LoopProduct-link\">Dessous de verre en bois O-54<\/a><\/h3>\r\n\t<span class=\"price\"><span class=\"woocommerce-Price-amount amount\"><bdi>4,50&nbsp;<span class=\"woocommerce-Price-currencySymbol\">&euro;<\/span><\/bdi><\/span><\/span>\r\n            <\/div>\r\n\r\n            <div class=\"nm-shop-loop-actions\">\r\n            <a href=\"https:\/\/norddeco.lt\/fr\/magasin\/sous-verres-en-bois\/dessous-de-verre-en-bois-o-54\/\" class=\"nm-quickview-btn\">Afficher plus<\/a>            <\/div>\r\n        <\/div>\r\n        \r\n            <\/div>\r\n<\/li>\r\n<li class=\"product type-product post-6132 status-publish instock product_cat-collection-lituanienne product_cat-sous-verres-en-bois has-post-thumbnail taxable shipping-taxable purchasable product-type-simple\" data-product-id=\"6132\">\r\n\t<div class=\"nm-shop-loop-product-wrap\">\r\n        \r\n        <div class=\"nm-shop-loop-thumbnail\">\r\n                        \r\n            <a href=\"https:\/\/norddeco.lt\/fr\/magasin\/collection-lituanienne\/sous-verre-en-bois-kaunas-4\/\" class=\"nm-shop-loop-thumbnail-link woocommerce-LoopProduct-link\">\r\n            <img loading=\"lazy\" decoding=\"async\" src=\"https:\/\/norddeco.lt\/wp-content\/themes\/savoy\/assets\/img\/placeholder.png\" data-src=\"https:\/\/norddeco.lt\/wp-content\/uploads\/2024\/01\/coaster-kaunas-4-350x350.jpg\" data-srcset=\"https:\/\/norddeco.lt\/wp-content\/uploads\/2024\/01\/coaster-kaunas-4-350x350.jpg 350w, https:\/\/norddeco.lt\/wp-content\/uploads\/2024\/01\/coaster-kaunas-4-300x300.jpg 300w, https:\/\/norddeco.lt\/wp-content\/uploads\/2024\/01\/coaster-kaunas-4-150x150.jpg 150w, https:\/\/norddeco.lt\/wp-content\/uploads\/2024\/01\/coaster-kaunas-4-768x768.jpg 768w, https:\/\/norddeco.lt\/wp-content\/uploads\/2024\/01\/coaster-kaunas-4-680x680.jpg 680w, https:\/\/norddeco.lt\/wp-content\/uploads\/2024\/01\/coaster-kaunas-4-100x100.jpg 100w, https:\/\/norddeco.lt\/wp-content\/uploads\/2024\/01\/coaster-kaunas-4.jpg 1000w\" alt=\"\" sizes=\"(max-width: 350px) 100vw, 350px\" width=\"350\" height=\"350\" class=\"attachment-woocommerce_thumbnail size-woocommerce_thumbnail wp-post-image  lazyload\" \/>            <\/a>\r\n        <\/div>\r\n        \r\n        <div class=\"nm-shop-loop-details\">\r\n            \r\n            <div class=\"nm-shop-loop-title-price\">\r\n            <h3 class=\"woocommerce-loop-product__title\"><a href=\"https:\/\/norddeco.lt\/fr\/magasin\/collection-lituanienne\/sous-verre-en-bois-kaunas-4\/\" class=\"nm-shop-loop-title-link woocommerce-LoopProduct-link\">Sous-verre en bois Kaunas 4<\/a><\/h3>\r\n\t<span class=\"price\"><span class=\"woocommerce-Price-amount amount\"><bdi>4,50&nbsp;<span class=\"woocommerce-Price-currencySymbol\">&euro;<\/span><\/bdi><\/span><\/span>\r\n            <\/div>\r\n\r\n            <div class=\"nm-shop-loop-actions\">\r\n            <a href=\"https:\/\/norddeco.lt\/fr\/magasin\/collection-lituanienne\/sous-verre-en-bois-kaunas-4\/\" class=\"nm-quickview-btn\">Afficher plus<\/a>            <\/div>\r\n        <\/div>\r\n        \r\n            <\/div>\r\n<\/li>\r\n<li class=\"product type-product post-6525 status-publish instock product_cat-collection-lituanienne product_cat-couvertures-en-laine product_cat-salon-espace-de-vie has-post-thumbnail taxable shipping-taxable purchasable product-type-simple\" data-product-id=\"6525\">\r\n\t<div class=\"nm-shop-loop-product-wrap\">\r\n        \r\n        <div class=\"nm-shop-loop-thumbnail\">\r\n                        \r\n            <a href=\"https:\/\/norddeco.lt\/fr\/magasin\/collection-lituanienne\/couverture-en-laine-zemaiciai\/\" class=\"nm-shop-loop-thumbnail-link woocommerce-LoopProduct-link\">\r\n            <img loading=\"lazy\" decoding=\"async\" src=\"https:\/\/norddeco.lt\/wp-content\/themes\/savoy\/assets\/img\/placeholder.png\" data-src=\"https:\/\/norddeco.lt\/wp-content\/uploads\/2023\/12\/wool-blanket-lowlands-1-350x350.jpg\" data-srcset=\"https:\/\/norddeco.lt\/wp-content\/uploads\/2023\/12\/wool-blanket-lowlands-1-350x350.jpg 350w, https:\/\/norddeco.lt\/wp-content\/uploads\/2023\/12\/wool-blanket-lowlands-1-300x300.jpg 300w, https:\/\/norddeco.lt\/wp-content\/uploads\/2023\/12\/wool-blanket-lowlands-1-150x150.jpg 150w, https:\/\/norddeco.lt\/wp-content\/uploads\/2023\/12\/wool-blanket-lowlands-1-768x768.jpg 768w, https:\/\/norddeco.lt\/wp-content\/uploads\/2023\/12\/wool-blanket-lowlands-1-680x680.jpg 680w, https:\/\/norddeco.lt\/wp-content\/uploads\/2023\/12\/wool-blanket-lowlands-1-100x100.jpg 100w, https:\/\/norddeco.lt\/wp-content\/uploads\/2023\/12\/wool-blanket-lowlands-1.jpg 1000w\" alt=\"\" sizes=\"(max-width: 350px) 100vw, 350px\" width=\"350\" height=\"350\" class=\"attachment-woocommerce_thumbnail size-woocommerce_thumbnail wp-post-image  lazyload\" \/><img loading=\"lazy\" decoding=\"async\" src=\"https:\/\/norddeco.lt\/wp-content\/themes\/savoy\/assets\/img\/transparent.gif\" data-src=\"https:\/\/norddeco.lt\/wp-content\/uploads\/2023\/12\/wool-blanket-lowlands-3-350x350.jpg\" data-srcset=\"https:\/\/norddeco.lt\/wp-content\/uploads\/2023\/12\/wool-blanket-lowlands-3-350x350.jpg 350w, https:\/\/norddeco.lt\/wp-content\/uploads\/2023\/12\/wool-blanket-lowlands-3-300x300.jpg 300w, https:\/\/norddeco.lt\/wp-content\/uploads\/2023\/12\/wool-blanket-lowlands-3-150x150.jpg 150w, https:\/\/norddeco.lt\/wp-content\/uploads\/2023\/12\/wool-blanket-lowlands-3-768x768.jpg 768w, https:\/\/norddeco.lt\/wp-content\/uploads\/2023\/12\/wool-blanket-lowlands-3-680x680.jpg 680w, https:\/\/norddeco.lt\/wp-content\/uploads\/2023\/12\/wool-blanket-lowlands-3-100x100.jpg 100w, https:\/\/norddeco.lt\/wp-content\/uploads\/2023\/12\/wool-blanket-lowlands-3.jpg 1000w\" alt=\"\" sizes=\"(max-width: 350px) 100vw, 350px\" width=\"350\" height=\"350\" class=\"attachment-woocommerce_thumbnail size-woocommerce_thumbnail wp-post-image nm-shop-hover-image lazyload\" \/>            <\/a>\r\n        <\/div>\r\n        \r\n        <div class=\"nm-shop-loop-details\">\r\n            \r\n            <div class=\"nm-shop-loop-title-price\">\r\n            <h3 class=\"woocommerce-loop-product__title\"><a href=\"https:\/\/norddeco.lt\/fr\/magasin\/collection-lituanienne\/couverture-en-laine-zemaiciai\/\" class=\"nm-shop-loop-title-link woocommerce-LoopProduct-link\">Couverture en laine \u017demai\u010diai<\/a><\/h3>\r\n\t<span class=\"price\"><span class=\"woocommerce-Price-amount amount\"><bdi>129,00&nbsp;<span class=\"woocommerce-Price-currencySymbol\">&euro;<\/span><\/bdi><\/span><\/span>\r\n            <\/div>\r\n\r\n            <div class=\"nm-shop-loop-actions\">\r\n            <a href=\"https:\/\/norddeco.lt\/fr\/magasin\/collection-lituanienne\/couverture-en-laine-zemaiciai\/\" class=\"nm-quickview-btn\">Afficher plus<\/a>            <\/div>\r\n        <\/div>\r\n        \r\n            <\/div>\r\n<\/li>\r\n<li class=\"product type-product post-6237 status-publish last instock product_cat-lampes-en-bois product_cat-salon-espace-de-vie has-post-thumbnail purchasable product-type-variable\" data-product-id=\"6237\">\r\n\t<div class=\"nm-shop-loop-product-wrap\">\r\n        \r\n        <div class=\"nm-shop-loop-thumbnail\">\r\n                        \r\n            <a href=\"https:\/\/norddeco.lt\/fr\/magasin\/salon-espace-de-vie\/lampe-scandinave-tokyoups\/\" class=\"nm-shop-loop-thumbnail-link woocommerce-LoopProduct-link\">\r\n            <img loading=\"lazy\" decoding=\"async\" src=\"https:\/\/norddeco.lt\/wp-content\/themes\/savoy\/assets\/img\/placeholder.png\" data-src=\"https:\/\/norddeco.lt\/wp-content\/uploads\/2023\/12\/Tokyo-Up-S-350x350.jpg\" data-srcset=\"https:\/\/norddeco.lt\/wp-content\/uploads\/2023\/12\/Tokyo-Up-S-350x350.jpg 350w, https:\/\/norddeco.lt\/wp-content\/uploads\/2023\/12\/Tokyo-Up-S-300x300.jpg 300w, https:\/\/norddeco.lt\/wp-content\/uploads\/2023\/12\/Tokyo-Up-S-150x150.jpg 150w, https:\/\/norddeco.lt\/wp-content\/uploads\/2023\/12\/Tokyo-Up-S-680x680.jpg 680w, https:\/\/norddeco.lt\/wp-content\/uploads\/2023\/12\/Tokyo-Up-S-100x100.jpg 100w, https:\/\/norddeco.lt\/wp-content\/uploads\/2023\/12\/Tokyo-Up-S.jpg 750w\" alt=\"\" sizes=\"(max-width: 350px) 100vw, 350px\" width=\"350\" height=\"350\" class=\"attachment-woocommerce_thumbnail size-woocommerce_thumbnail wp-post-image  lazyload\" \/>            <\/a>\r\n        <\/div>\r\n        \r\n        <div class=\"nm-shop-loop-details\">\r\n            \r\n            <div class=\"nm-shop-loop-title-price\">\r\n            <h3 class=\"woocommerce-loop-product__title\"><a href=\"https:\/\/norddeco.lt\/fr\/magasin\/salon-espace-de-vie\/lampe-scandinave-tokyoups\/\" class=\"nm-shop-loop-title-link woocommerce-LoopProduct-link\">Lampe scandinave Tokyo UP S<\/a><\/h3>\r\n\t<span class=\"price\"><span class=\"woocommerce-Price-amount amount\"><bdi>119,90&nbsp;<span class=\"woocommerce-Price-currencySymbol\">&euro;<\/span><\/bdi><\/span><\/span>\r\n            <\/div>\r\n\r\n            <div class=\"nm-shop-loop-actions\">\r\n            <a href=\"https:\/\/norddeco.lt\/fr\/magasin\/salon-espace-de-vie\/lampe-scandinave-tokyoups\/\" class=\"nm-quickview-btn\">Afficher plus<\/a>            <\/div>\r\n        <\/div>\r\n        \r\n            <\/div>\r\n<\/li>\r\n<li class=\"product type-product post-6114 status-publish first instock product_cat-collection-lituanienne product_cat-sous-verres-en-bois has-post-thumbnail taxable shipping-taxable purchasable product-type-simple\" data-product-id=\"6114\">\r\n\t<div class=\"nm-shop-loop-product-wrap\">\r\n        \r\n        <div class=\"nm-shop-loop-thumbnail\">\r\n                        \r\n            <a href=\"https:\/\/norddeco.lt\/fr\/magasin\/collection-lituanienne\/sous-verre-en-bois-2\/\" class=\"nm-shop-loop-thumbnail-link woocommerce-LoopProduct-link\">\r\n            <img loading=\"lazy\" decoding=\"async\" src=\"https:\/\/norddeco.lt\/wp-content\/themes\/savoy\/assets\/img\/placeholder.png\" data-src=\"https:\/\/norddeco.lt\/wp-content\/uploads\/2024\/01\/coaster-vilnius-2-350x350.jpg\" data-srcset=\"https:\/\/norddeco.lt\/wp-content\/uploads\/2024\/01\/coaster-vilnius-2-350x350.jpg 350w, https:\/\/norddeco.lt\/wp-content\/uploads\/2024\/01\/coaster-vilnius-2-300x300.jpg 300w, https:\/\/norddeco.lt\/wp-content\/uploads\/2024\/01\/coaster-vilnius-2-150x150.jpg 150w, https:\/\/norddeco.lt\/wp-content\/uploads\/2024\/01\/coaster-vilnius-2-768x768.jpg 768w, https:\/\/norddeco.lt\/wp-content\/uploads\/2024\/01\/coaster-vilnius-2-680x680.jpg 680w, https:\/\/norddeco.lt\/wp-content\/uploads\/2024\/01\/coaster-vilnius-2-100x100.jpg 100w, https:\/\/norddeco.lt\/wp-content\/uploads\/2024\/01\/coaster-vilnius-2.jpg 1000w\" alt=\"\" sizes=\"(max-width: 350px) 100vw, 350px\" width=\"350\" height=\"350\" class=\"attachment-woocommerce_thumbnail size-woocommerce_thumbnail wp-post-image  lazyload\" \/>            <\/a>\r\n        <\/div>\r\n        \r\n        <div class=\"nm-shop-loop-details\">\r\n            \r\n            <div class=\"nm-shop-loop-title-price\">\r\n            <h3 class=\"woocommerce-loop-product__title\"><a href=\"https:\/\/norddeco.lt\/fr\/magasin\/collection-lituanienne\/sous-verre-en-bois-2\/\" class=\"nm-shop-loop-title-link woocommerce-LoopProduct-link\">Wooden coaster Vilnius 2<\/a><\/h3>\r\n\t<span class=\"price\"><span class=\"woocommerce-Price-amount amount\"><bdi>4,50&nbsp;<span class=\"woocommerce-Price-currencySymbol\">&euro;<\/span><\/bdi><\/span><\/span>\r\n            <\/div>\r\n\r\n            <div class=\"nm-shop-loop-actions\">\r\n            <a href=\"https:\/\/norddeco.lt\/fr\/magasin\/collection-lituanienne\/sous-verre-en-bois-2\/\" class=\"nm-quickview-btn\">Afficher plus<\/a>            <\/div>\r\n        <\/div>\r\n        \r\n            <\/div>\r\n<\/li>\r\n<li class=\"product type-product post-6714 status-publish instock product_cat-cuisine-salle-a-manger product_cat-sous-verres-en-bois has-post-thumbnail purchasable product-type-simple\" data-product-id=\"6714\">\r\n\t<div class=\"nm-shop-loop-product-wrap\">\r\n        \r\n        <div class=\"nm-shop-loop-thumbnail\">\r\n                        \r\n            <a href=\"https:\/\/norddeco.lt\/fr\/magasin\/sous-verres-en-bois\/dessous-de-verre-en-bois-h-310\/\" class=\"nm-shop-loop-thumbnail-link woocommerce-LoopProduct-link\">\r\n            <img loading=\"lazy\" decoding=\"async\" src=\"https:\/\/norddeco.lt\/wp-content\/themes\/savoy\/assets\/img\/placeholder.png\" data-src=\"https:\/\/norddeco.lt\/wp-content\/uploads\/2023\/12\/wooden-coaster-h-310-350x350.jpg\" data-srcset=\"https:\/\/norddeco.lt\/wp-content\/uploads\/2023\/12\/wooden-coaster-h-310-350x350.jpg 350w, https:\/\/norddeco.lt\/wp-content\/uploads\/2023\/12\/wooden-coaster-h-310-300x300.jpg 300w, https:\/\/norddeco.lt\/wp-content\/uploads\/2023\/12\/wooden-coaster-h-310-150x150.jpg 150w, https:\/\/norddeco.lt\/wp-content\/uploads\/2023\/12\/wooden-coaster-h-310-768x768.jpg 768w, https:\/\/norddeco.lt\/wp-content\/uploads\/2023\/12\/wooden-coaster-h-310-680x680.jpg 680w, https:\/\/norddeco.lt\/wp-content\/uploads\/2023\/12\/wooden-coaster-h-310-100x100.jpg 100w, https:\/\/norddeco.lt\/wp-content\/uploads\/2023\/12\/wooden-coaster-h-310.jpg 1000w\" alt=\"\" sizes=\"(max-width: 350px) 100vw, 350px\" width=\"350\" height=\"350\" class=\"attachment-woocommerce_thumbnail size-woocommerce_thumbnail wp-post-image  lazyload\" \/>            <\/a>\r\n        <\/div>\r\n        \r\n        <div class=\"nm-shop-loop-details\">\r\n            \r\n            <div class=\"nm-shop-loop-title-price\">\r\n            <h3 class=\"woocommerce-loop-product__title\"><a href=\"https:\/\/norddeco.lt\/fr\/magasin\/sous-verres-en-bois\/dessous-de-verre-en-bois-h-310\/\" class=\"nm-shop-loop-title-link woocommerce-LoopProduct-link\">Dessous de verre en bois H-310<\/a><\/h3>\r\n\t<span class=\"price\"><span class=\"woocommerce-Price-amount amount\"><bdi>4,50&nbsp;<span class=\"woocommerce-Price-currencySymbol\">&euro;<\/span><\/bdi><\/span><\/span>\r\n            <\/div>\r\n\r\n            <div class=\"nm-shop-loop-actions\">\r\n            <a href=\"https:\/\/norddeco.lt\/fr\/magasin\/sous-verres-en-bois\/dessous-de-verre-en-bois-h-310\/\" class=\"nm-quickview-btn\">Afficher plus<\/a>            <\/div>\r\n        <\/div>\r\n        \r\n            <\/div>\r\n<\/li>\r\n<li class=\"product type-product post-6261 status-publish instock product_cat-lampes-en-bois product_cat-salon-espace-de-vie has-post-thumbnail purchasable product-type-variable\" data-product-id=\"6261\">\r\n\t<div class=\"nm-shop-loop-product-wrap\">\r\n        \r\n        <div class=\"nm-shop-loop-thumbnail\">\r\n                        \r\n            <a href=\"https:\/\/norddeco.lt\/fr\/magasin\/salon-espace-de-vie\/lampe-de-bar-de-style-scandinave-polisxl\/\" class=\"nm-shop-loop-thumbnail-link woocommerce-LoopProduct-link\">\r\n            <img loading=\"lazy\" decoding=\"async\" src=\"https:\/\/norddeco.lt\/wp-content\/themes\/savoy\/assets\/img\/placeholder.png\" data-src=\"https:\/\/norddeco.lt\/wp-content\/uploads\/2023\/12\/Polis-XL-350x350.jpg\" data-srcset=\"https:\/\/norddeco.lt\/wp-content\/uploads\/2023\/12\/Polis-XL-350x350.jpg 350w, https:\/\/norddeco.lt\/wp-content\/uploads\/2023\/12\/Polis-XL-300x300.jpg 300w, https:\/\/norddeco.lt\/wp-content\/uploads\/2023\/12\/Polis-XL-150x150.jpg 150w, https:\/\/norddeco.lt\/wp-content\/uploads\/2023\/12\/Polis-XL-680x680.jpg 680w, https:\/\/norddeco.lt\/wp-content\/uploads\/2023\/12\/Polis-XL-100x100.jpg 100w, https:\/\/norddeco.lt\/wp-content\/uploads\/2023\/12\/Polis-XL.jpg 750w\" alt=\"\" sizes=\"(max-width: 350px) 100vw, 350px\" width=\"350\" height=\"350\" class=\"attachment-woocommerce_thumbnail size-woocommerce_thumbnail wp-post-image  lazyload\" \/>            <\/a>\r\n        <\/div>\r\n        \r\n        <div class=\"nm-shop-loop-details\">\r\n            \r\n            <div class=\"nm-shop-loop-title-price\">\r\n            <h3 class=\"woocommerce-loop-product__title\"><a href=\"https:\/\/norddeco.lt\/fr\/magasin\/salon-espace-de-vie\/lampe-de-bar-de-style-scandinave-polisxl\/\" class=\"nm-shop-loop-title-link woocommerce-LoopProduct-link\">Lampe de bar de style scandinave Polis XL<\/a><\/h3>\r\n\t<span class=\"price\"><span class=\"woocommerce-Price-amount amount\"><bdi>299,90&nbsp;<span class=\"woocommerce-Price-currencySymbol\">&euro;<\/span><\/bdi><\/span><\/span>\r\n            <\/div>\r\n\r\n            <div class=\"nm-shop-loop-actions\">\r\n            <a href=\"https:\/\/norddeco.lt\/fr\/magasin\/salon-espace-de-vie\/lampe-de-bar-de-style-scandinave-polisxl\/\" class=\"nm-quickview-btn\">Afficher plus<\/a>            <\/div>\r\n        <\/div>\r\n        \r\n            <\/div>\r\n<\/li>\r\n<li class=\"product type-product post-6555 status-publish last instock product_cat-collection-allemande product_cat-sous-verres-en-bois has-post-thumbnail purchasable product-type-simple\" data-product-id=\"6555\">\r\n\t<div class=\"nm-shop-loop-product-wrap\">\r\n        \r\n        <div class=\"nm-shop-loop-thumbnail\">\r\n                        \r\n            <a href=\"https:\/\/norddeco.lt\/fr\/magasin\/sous-verres-en-bois\/dessous-de-verre-en-bois-ulm-01\/\" class=\"nm-shop-loop-thumbnail-link woocommerce-LoopProduct-link\">\r\n            <img loading=\"lazy\" decoding=\"async\" src=\"https:\/\/norddeco.lt\/wp-content\/themes\/savoy\/assets\/img\/placeholder.png\" data-src=\"https:\/\/norddeco.lt\/wp-content\/uploads\/2023\/12\/coaster-ulm-1-350x350.jpg\" data-srcset=\"https:\/\/norddeco.lt\/wp-content\/uploads\/2023\/12\/coaster-ulm-1-350x350.jpg 350w, https:\/\/norddeco.lt\/wp-content\/uploads\/2023\/12\/coaster-ulm-1-300x300.jpg 300w, https:\/\/norddeco.lt\/wp-content\/uploads\/2023\/12\/coaster-ulm-1-150x150.jpg 150w, https:\/\/norddeco.lt\/wp-content\/uploads\/2023\/12\/coaster-ulm-1-768x768.jpg 768w, https:\/\/norddeco.lt\/wp-content\/uploads\/2023\/12\/coaster-ulm-1-680x680.jpg 680w, https:\/\/norddeco.lt\/wp-content\/uploads\/2023\/12\/coaster-ulm-1-100x100.jpg 100w, https:\/\/norddeco.lt\/wp-content\/uploads\/2023\/12\/coaster-ulm-1.jpg 1000w\" alt=\"\" sizes=\"(max-width: 350px) 100vw, 350px\" width=\"350\" height=\"350\" class=\"attachment-woocommerce_thumbnail size-woocommerce_thumbnail wp-post-image  lazyload\" \/>            <\/a>\r\n        <\/div>\r\n        \r\n        <div class=\"nm-shop-loop-details\">\r\n            \r\n            <div class=\"nm-shop-loop-title-price\">\r\n            <h3 class=\"woocommerce-loop-product__title\"><a href=\"https:\/\/norddeco.lt\/fr\/magasin\/sous-verres-en-bois\/dessous-de-verre-en-bois-ulm-01\/\" class=\"nm-shop-loop-title-link woocommerce-LoopProduct-link\">Dessous de verre en bois Ulm 01<\/a><\/h3>\r\n\t<span class=\"price\"><span class=\"woocommerce-Price-amount amount\"><bdi>4,50&nbsp;<span class=\"woocommerce-Price-currencySymbol\">&euro;<\/span><\/bdi><\/span><\/span>\r\n            <\/div>\r\n\r\n            <div class=\"nm-shop-loop-actions\">\r\n            <a href=\"https:\/\/norddeco.lt\/fr\/magasin\/sous-verres-en-bois\/dessous-de-verre-en-bois-ulm-01\/\" class=\"nm-quickview-btn\">Afficher plus<\/a>            <\/div>\r\n        <\/div>\r\n        \r\n            <\/div>\r\n<\/li>\r\n<li class=\"product type-product post-6594 status-publish first instock product_cat-cuisine-salle-a-manger product_cat-sous-verres-en-bois has-post-thumbnail purchasable product-type-simple\" data-product-id=\"6594\">\r\n\t<div class=\"nm-shop-loop-product-wrap\">\r\n        \r\n        <div class=\"nm-shop-loop-thumbnail\">\r\n                        \r\n            <a href=\"https:\/\/norddeco.lt\/fr\/magasin\/sous-verres-en-bois\/dessous-de-verre-en-bois-h-330\/\" class=\"nm-shop-loop-thumbnail-link woocommerce-LoopProduct-link\">\r\n            <img loading=\"lazy\" decoding=\"async\" src=\"https:\/\/norddeco.lt\/wp-content\/themes\/savoy\/assets\/img\/placeholder.png\" data-src=\"https:\/\/norddeco.lt\/wp-content\/uploads\/2023\/12\/wooden-coaster-h-330-350x350.jpg\" data-srcset=\"https:\/\/norddeco.lt\/wp-content\/uploads\/2023\/12\/wooden-coaster-h-330-350x350.jpg 350w, https:\/\/norddeco.lt\/wp-content\/uploads\/2023\/12\/wooden-coaster-h-330-300x300.jpg 300w, https:\/\/norddeco.lt\/wp-content\/uploads\/2023\/12\/wooden-coaster-h-330-150x150.jpg 150w, https:\/\/norddeco.lt\/wp-content\/uploads\/2023\/12\/wooden-coaster-h-330-768x768.jpg 768w, https:\/\/norddeco.lt\/wp-content\/uploads\/2023\/12\/wooden-coaster-h-330-680x680.jpg 680w, https:\/\/norddeco.lt\/wp-content\/uploads\/2023\/12\/wooden-coaster-h-330-100x100.jpg 100w, https:\/\/norddeco.lt\/wp-content\/uploads\/2023\/12\/wooden-coaster-h-330.jpg 1000w\" alt=\"\" sizes=\"(max-width: 350px) 100vw, 350px\" width=\"350\" height=\"350\" class=\"attachment-woocommerce_thumbnail size-woocommerce_thumbnail wp-post-image  lazyload\" \/>            <\/a>\r\n        <\/div>\r\n        \r\n        <div class=\"nm-shop-loop-details\">\r\n            \r\n            <div class=\"nm-shop-loop-title-price\">\r\n            <h3 class=\"woocommerce-loop-product__title\"><a href=\"https:\/\/norddeco.lt\/fr\/magasin\/sous-verres-en-bois\/dessous-de-verre-en-bois-h-330\/\" class=\"nm-shop-loop-title-link woocommerce-LoopProduct-link\">Dessous de verre en bois H-330<\/a><\/h3>\r\n\t<span class=\"price\"><span class=\"woocommerce-Price-amount amount\"><bdi>4,50&nbsp;<span class=\"woocommerce-Price-currencySymbol\">&euro;<\/span><\/bdi><\/span><\/span>\r\n            <\/div>\r\n\r\n            <div class=\"nm-shop-loop-actions\">\r\n            <a href=\"https:\/\/norddeco.lt\/fr\/magasin\/sous-verres-en-bois\/dessous-de-verre-en-bois-h-330\/\" class=\"nm-quickview-btn\">Afficher plus<\/a>            <\/div>\r\n        <\/div>\r\n        \r\n            <\/div>\r\n<\/li>\r\n<li class=\"product type-product post-6108 status-publish instock product_cat-collection-lituanienne product_cat-sous-verres-en-bois has-post-thumbnail taxable shipping-taxable purchasable product-type-simple\" data-product-id=\"6108\">\r\n\t<div class=\"nm-shop-loop-product-wrap\">\r\n        \r\n        <div class=\"nm-shop-loop-thumbnail\">\r\n                        \r\n            <a href=\"https:\/\/norddeco.lt\/fr\/magasin\/collection-lituanienne\/sous-verre-en-bois-vilnius-4\/\" class=\"nm-shop-loop-thumbnail-link woocommerce-LoopProduct-link\">\r\n            <img loading=\"lazy\" decoding=\"async\" src=\"https:\/\/norddeco.lt\/wp-content\/themes\/savoy\/assets\/img\/placeholder.png\" data-src=\"https:\/\/norddeco.lt\/wp-content\/uploads\/2024\/01\/coaster-vilnius-4-350x350.jpg\" data-srcset=\"https:\/\/norddeco.lt\/wp-content\/uploads\/2024\/01\/coaster-vilnius-4-350x350.jpg 350w, https:\/\/norddeco.lt\/wp-content\/uploads\/2024\/01\/coaster-vilnius-4-300x300.jpg 300w, https:\/\/norddeco.lt\/wp-content\/uploads\/2024\/01\/coaster-vilnius-4-150x150.jpg 150w, https:\/\/norddeco.lt\/wp-content\/uploads\/2024\/01\/coaster-vilnius-4-768x768.jpg 768w, https:\/\/norddeco.lt\/wp-content\/uploads\/2024\/01\/coaster-vilnius-4-680x680.jpg 680w, https:\/\/norddeco.lt\/wp-content\/uploads\/2024\/01\/coaster-vilnius-4-100x100.jpg 100w, https:\/\/norddeco.lt\/wp-content\/uploads\/2024\/01\/coaster-vilnius-4.jpg 1000w\" alt=\"\" sizes=\"(max-width: 350px) 100vw, 350px\" width=\"350\" height=\"350\" class=\"attachment-woocommerce_thumbnail size-woocommerce_thumbnail wp-post-image  lazyload\" \/>            <\/a>\r\n        <\/div>\r\n        \r\n        <div class=\"nm-shop-loop-details\">\r\n            \r\n            <div class=\"nm-shop-loop-title-price\">\r\n            <h3 class=\"woocommerce-loop-product__title\"><a href=\"https:\/\/norddeco.lt\/fr\/magasin\/collection-lituanienne\/sous-verre-en-bois-vilnius-4\/\" class=\"nm-shop-loop-title-link woocommerce-LoopProduct-link\">Sous-verre en bois Vilnius 4<\/a><\/h3>\r\n\t<span class=\"price\"><span class=\"woocommerce-Price-amount amount\"><bdi>4,50&nbsp;<span class=\"woocommerce-Price-currencySymbol\">&euro;<\/span><\/bdi><\/span><\/span>\r\n            <\/div>\r\n\r\n            <div class=\"nm-shop-loop-actions\">\r\n            <a href=\"https:\/\/norddeco.lt\/fr\/magasin\/collection-lituanienne\/sous-verre-en-bois-vilnius-4\/\" class=\"nm-quickview-btn\">Afficher plus<\/a>            <\/div>\r\n        <\/div>\r\n        \r\n            <\/div>\r\n<\/li>\r\n<li class=\"product type-product post-6276 status-publish instock product_cat-lampes-en-bois product_cat-salon-espace-de-vie has-post-thumbnail purchasable product-type-variable\" data-product-id=\"6276\">\r\n\t<div class=\"nm-shop-loop-product-wrap\">\r\n        \r\n        <div class=\"nm-shop-loop-thumbnail\">\r\n                        \r\n            <a href=\"https:\/\/norddeco.lt\/fr\/magasin\/salon-espace-de-vie\/lampe-scandinave-venice\/\" class=\"nm-shop-loop-thumbnail-link woocommerce-LoopProduct-link\">\r\n            <img loading=\"lazy\" decoding=\"async\" src=\"https:\/\/norddeco.lt\/wp-content\/themes\/savoy\/assets\/img\/placeholder.png\" data-src=\"https:\/\/norddeco.lt\/wp-content\/uploads\/2023\/12\/Venice-M-350x350.jpg\" data-srcset=\"https:\/\/norddeco.lt\/wp-content\/uploads\/2023\/12\/Venice-M-350x350.jpg 350w, https:\/\/norddeco.lt\/wp-content\/uploads\/2023\/12\/Venice-M-300x300.jpg 300w, https:\/\/norddeco.lt\/wp-content\/uploads\/2023\/12\/Venice-M-150x150.jpg 150w, https:\/\/norddeco.lt\/wp-content\/uploads\/2023\/12\/Venice-M-680x680.jpg 680w, https:\/\/norddeco.lt\/wp-content\/uploads\/2023\/12\/Venice-M-100x100.jpg 100w, https:\/\/norddeco.lt\/wp-content\/uploads\/2023\/12\/Venice-M.jpg 750w\" alt=\"\" sizes=\"(max-width: 350px) 100vw, 350px\" width=\"350\" height=\"350\" class=\"attachment-woocommerce_thumbnail size-woocommerce_thumbnail wp-post-image  lazyload\" \/>            <\/a>\r\n        <\/div>\r\n        \r\n        <div class=\"nm-shop-loop-details\">\r\n            \r\n            <div class=\"nm-shop-loop-title-price\">\r\n            <h3 class=\"woocommerce-loop-product__title\"><a href=\"https:\/\/norddeco.lt\/fr\/magasin\/salon-espace-de-vie\/lampe-scandinave-venice\/\" class=\"nm-shop-loop-title-link woocommerce-LoopProduct-link\">Lampe scandinave Venice<\/a><\/h3>\r\n\t<span class=\"price\"><span class=\"woocommerce-Price-amount amount\"><bdi>119,90&nbsp;<span class=\"woocommerce-Price-currencySymbol\">&euro;<\/span><\/bdi><\/span> &ndash; <span class=\"woocommerce-Price-amount amount\"><bdi>179,90&nbsp;<span class=\"woocommerce-Price-currencySymbol\">&euro;<\/span><\/bdi><\/span><\/span>\r\n            <\/div>\r\n\r\n            <div class=\"nm-shop-loop-actions\">\r\n            <a href=\"https:\/\/norddeco.lt\/fr\/magasin\/salon-espace-de-vie\/lampe-scandinave-venice\/\" class=\"nm-quickview-btn\">Afficher plus<\/a>            <\/div>\r\n        <\/div>\r\n        \r\n            <\/div>\r\n<\/li>\r\n<li class=\"product type-product post-6306 status-publish last instock product_cat-lampes-en-bois product_cat-salon-espace-de-vie has-post-thumbnail purchasable product-type-variable\" data-product-id=\"6306\">\r\n\t<div class=\"nm-shop-loop-product-wrap\">\r\n        \r\n        <div class=\"nm-shop-loop-thumbnail\">\r\n                        \r\n            <a href=\"https:\/\/norddeco.lt\/fr\/magasin\/salon-espace-de-vie\/lampe-scandinave-milans\/\" class=\"nm-shop-loop-thumbnail-link woocommerce-LoopProduct-link\">\r\n            <img loading=\"lazy\" decoding=\"async\" src=\"https:\/\/norddeco.lt\/wp-content\/themes\/savoy\/assets\/img\/placeholder.png\" data-src=\"https:\/\/norddeco.lt\/wp-content\/uploads\/2023\/12\/Milan-S-350x350.jpg\" data-srcset=\"https:\/\/norddeco.lt\/wp-content\/uploads\/2023\/12\/Milan-S-350x350.jpg 350w, https:\/\/norddeco.lt\/wp-content\/uploads\/2023\/12\/Milan-S-300x300.jpg 300w, https:\/\/norddeco.lt\/wp-content\/uploads\/2023\/12\/Milan-S-150x150.jpg 150w, https:\/\/norddeco.lt\/wp-content\/uploads\/2023\/12\/Milan-S-680x680.jpg 680w, https:\/\/norddeco.lt\/wp-content\/uploads\/2023\/12\/Milan-S-100x100.jpg 100w, https:\/\/norddeco.lt\/wp-content\/uploads\/2023\/12\/Milan-S.jpg 750w\" alt=\"\" sizes=\"(max-width: 350px) 100vw, 350px\" width=\"350\" height=\"350\" class=\"attachment-woocommerce_thumbnail size-woocommerce_thumbnail wp-post-image  lazyload\" \/>            <\/a>\r\n        <\/div>\r\n        \r\n        <div class=\"nm-shop-loop-details\">\r\n            \r\n            <div class=\"nm-shop-loop-title-price\">\r\n            <h3 class=\"woocommerce-loop-product__title\"><a href=\"https:\/\/norddeco.lt\/fr\/magasin\/salon-espace-de-vie\/lampe-scandinave-milans\/\" class=\"nm-shop-loop-title-link woocommerce-LoopProduct-link\">Lampe scandinave Milan S<\/a><\/h3>\r\n\t<span class=\"price\"><span class=\"woocommerce-Price-amount amount\"><bdi>95,90&nbsp;<span class=\"woocommerce-Price-currencySymbol\">&euro;<\/span><\/bdi><\/span><\/span>\r\n            <\/div>\r\n\r\n            <div class=\"nm-shop-loop-actions\">\r\n            <a href=\"https:\/\/norddeco.lt\/fr\/magasin\/salon-espace-de-vie\/lampe-scandinave-milans\/\" class=\"nm-quickview-btn\">Afficher plus<\/a>            <\/div>\r\n        <\/div>\r\n        \r\n            <\/div>\r\n<\/li>\r\n<li class=\"product type-product post-6531 status-publish first instock product_cat-collection-lituanienne product_cat-couvertures-en-laine product_cat-salon-espace-de-vie has-post-thumbnail taxable shipping-taxable purchasable product-type-simple\" data-product-id=\"6531\">\r\n\t<div class=\"nm-shop-loop-product-wrap\">\r\n        \r\n        <div class=\"nm-shop-loop-thumbnail\">\r\n                        \r\n            <a href=\"https:\/\/norddeco.lt\/fr\/magasin\/collection-lituanienne\/couverture-en-laine-klaipeda\/\" class=\"nm-shop-loop-thumbnail-link woocommerce-LoopProduct-link\">\r\n            <img loading=\"lazy\" decoding=\"async\" src=\"https:\/\/norddeco.lt\/wp-content\/themes\/savoy\/assets\/img\/placeholder.png\" data-src=\"https:\/\/norddeco.lt\/wp-content\/uploads\/2023\/12\/wool-blanket-klaipeda-1-350x350.jpg\" data-srcset=\"https:\/\/norddeco.lt\/wp-content\/uploads\/2023\/12\/wool-blanket-klaipeda-1-350x350.jpg 350w, https:\/\/norddeco.lt\/wp-content\/uploads\/2023\/12\/wool-blanket-klaipeda-1-300x300.jpg 300w, https:\/\/norddeco.lt\/wp-content\/uploads\/2023\/12\/wool-blanket-klaipeda-1-150x150.jpg 150w, https:\/\/norddeco.lt\/wp-content\/uploads\/2023\/12\/wool-blanket-klaipeda-1-768x768.jpg 768w, https:\/\/norddeco.lt\/wp-content\/uploads\/2023\/12\/wool-blanket-klaipeda-1-680x680.jpg 680w, https:\/\/norddeco.lt\/wp-content\/uploads\/2023\/12\/wool-blanket-klaipeda-1-100x100.jpg 100w, https:\/\/norddeco.lt\/wp-content\/uploads\/2023\/12\/wool-blanket-klaipeda-1.jpg 1000w\" alt=\"\" sizes=\"(max-width: 350px) 100vw, 350px\" width=\"350\" height=\"350\" class=\"attachment-woocommerce_thumbnail size-woocommerce_thumbnail wp-post-image  lazyload\" \/><img loading=\"lazy\" decoding=\"async\" src=\"https:\/\/norddeco.lt\/wp-content\/themes\/savoy\/assets\/img\/transparent.gif\" data-src=\"https:\/\/norddeco.lt\/wp-content\/uploads\/2023\/12\/wool-blanket-klaipeda-3-350x350.jpg\" data-srcset=\"https:\/\/norddeco.lt\/wp-content\/uploads\/2023\/12\/wool-blanket-klaipeda-3-350x350.jpg 350w, https:\/\/norddeco.lt\/wp-content\/uploads\/2023\/12\/wool-blanket-klaipeda-3-300x300.jpg 300w, https:\/\/norddeco.lt\/wp-content\/uploads\/2023\/12\/wool-blanket-klaipeda-3-150x150.jpg 150w, https:\/\/norddeco.lt\/wp-content\/uploads\/2023\/12\/wool-blanket-klaipeda-3-768x768.jpg 768w, https:\/\/norddeco.lt\/wp-content\/uploads\/2023\/12\/wool-blanket-klaipeda-3-680x680.jpg 680w, https:\/\/norddeco.lt\/wp-content\/uploads\/2023\/12\/wool-blanket-klaipeda-3-100x100.jpg 100w, https:\/\/norddeco.lt\/wp-content\/uploads\/2023\/12\/wool-blanket-klaipeda-3.jpg 1000w\" alt=\"\" sizes=\"(max-width: 350px) 100vw, 350px\" width=\"350\" height=\"350\" class=\"attachment-woocommerce_thumbnail size-woocommerce_thumbnail wp-post-image nm-shop-hover-image lazyload\" \/>            <\/a>\r\n        <\/div>\r\n        \r\n        <div class=\"nm-shop-loop-details\">\r\n            \r\n            <div class=\"nm-shop-loop-title-price\">\r\n            <h3 class=\"woocommerce-loop-product__title\"><a href=\"https:\/\/norddeco.lt\/fr\/magasin\/collection-lituanienne\/couverture-en-laine-klaipeda\/\" class=\"nm-shop-loop-title-link woocommerce-LoopProduct-link\">Couverture en laine Klaip\u0117da<\/a><\/h3>\r\n\t<span class=\"price\"><span class=\"woocommerce-Price-amount amount\"><bdi>129,00&nbsp;<span class=\"woocommerce-Price-currencySymbol\">&euro;<\/span><\/bdi><\/span><\/span>\r\n            <\/div>\r\n\r\n            <div class=\"nm-shop-loop-actions\">\r\n            <a href=\"https:\/\/norddeco.lt\/fr\/magasin\/collection-lituanienne\/couverture-en-laine-klaipeda\/\" class=\"nm-quickview-btn\">Afficher plus<\/a>            <\/div>\r\n        <\/div>\r\n        \r\n            <\/div>\r\n<\/li>\r\n<li class=\"product type-product post-6168 status-publish instock product_cat-collection-lituanienne product_cat-couvertures-en-laine product_cat-salon-espace-de-vie has-post-thumbnail taxable shipping-taxable purchasable product-type-simple\" data-product-id=\"6168\">\r\n\t<div class=\"nm-shop-loop-product-wrap\">\r\n        \r\n        <div class=\"nm-shop-loop-thumbnail\">\r\n                        \r\n            <a href=\"https:\/\/norddeco.lt\/fr\/magasin\/collection-lituanienne\/couverture-en-laine-pour-enfants-suvalkieciai\/\" class=\"nm-shop-loop-thumbnail-link woocommerce-LoopProduct-link\">\r\n            <img loading=\"lazy\" decoding=\"async\" src=\"https:\/\/norddeco.lt\/wp-content\/themes\/savoy\/assets\/img\/placeholder.png\" data-src=\"https:\/\/norddeco.lt\/wp-content\/uploads\/2024\/01\/wool-blanket-samogitia-mini-1-350x350.jpg\" data-srcset=\"https:\/\/norddeco.lt\/wp-content\/uploads\/2024\/01\/wool-blanket-samogitia-mini-1-350x350.jpg 350w, https:\/\/norddeco.lt\/wp-content\/uploads\/2024\/01\/wool-blanket-samogitia-mini-1-300x300.jpg 300w, https:\/\/norddeco.lt\/wp-content\/uploads\/2024\/01\/wool-blanket-samogitia-mini-1-150x150.jpg 150w, https:\/\/norddeco.lt\/wp-content\/uploads\/2024\/01\/wool-blanket-samogitia-mini-1-768x768.jpg 768w, https:\/\/norddeco.lt\/wp-content\/uploads\/2024\/01\/wool-blanket-samogitia-mini-1-680x680.jpg 680w, https:\/\/norddeco.lt\/wp-content\/uploads\/2024\/01\/wool-blanket-samogitia-mini-1-100x100.jpg 100w, https:\/\/norddeco.lt\/wp-content\/uploads\/2024\/01\/wool-blanket-samogitia-mini-1.jpg 1000w\" alt=\"\" sizes=\"(max-width: 350px) 100vw, 350px\" width=\"350\" height=\"350\" class=\"attachment-woocommerce_thumbnail size-woocommerce_thumbnail wp-post-image  lazyload\" \/>            <\/a>\r\n        <\/div>\r\n        \r\n        <div class=\"nm-shop-loop-details\">\r\n            \r\n            <div class=\"nm-shop-loop-title-price\">\r\n            <h3 class=\"woocommerce-loop-product__title\"><a href=\"https:\/\/norddeco.lt\/fr\/magasin\/collection-lituanienne\/couverture-en-laine-pour-enfants-suvalkieciai\/\" class=\"nm-shop-loop-title-link woocommerce-LoopProduct-link\">Couverture en laine pour enfants Suvalkie\u010diai<\/a><\/h3>\r\n\t<span class=\"price\"><span class=\"woocommerce-Price-amount amount\"><bdi>59,00&nbsp;<span class=\"woocommerce-Price-currencySymbol\">&euro;<\/span><\/bdi><\/span><\/span>\r\n            <\/div>\r\n\r\n            <div class=\"nm-shop-loop-actions\">\r\n            <a href=\"https:\/\/norddeco.lt\/fr\/magasin\/collection-lituanienne\/couverture-en-laine-pour-enfants-suvalkieciai\/\" class=\"nm-quickview-btn\">Afficher plus<\/a>            <\/div>\r\n        <\/div>\r\n        \r\n            <\/div>\r\n<\/li>\r\n<li class=\"product type-product post-6537 status-publish instock product_cat-sous-verres-en-bois has-post-thumbnail purchasable product-type-simple\" data-product-id=\"6537\">\r\n\t<div class=\"nm-shop-loop-product-wrap\">\r\n        \r\n        <div class=\"nm-shop-loop-thumbnail\">\r\n                        \r\n            <a href=\"https:\/\/norddeco.lt\/fr\/magasin\/sous-verres-en-bois\/dessous-de-verre-en-bois-hamburg-01\/\" class=\"nm-shop-loop-thumbnail-link woocommerce-LoopProduct-link\">\r\n            <img loading=\"lazy\" decoding=\"async\" src=\"https:\/\/norddeco.lt\/wp-content\/themes\/savoy\/assets\/img\/placeholder.png\" data-src=\"https:\/\/norddeco.lt\/wp-content\/uploads\/2023\/12\/coaster-hamburg-1-350x350.jpg\" data-srcset=\"https:\/\/norddeco.lt\/wp-content\/uploads\/2023\/12\/coaster-hamburg-1-350x350.jpg 350w, https:\/\/norddeco.lt\/wp-content\/uploads\/2023\/12\/coaster-hamburg-1-300x300.jpg 300w, https:\/\/norddeco.lt\/wp-content\/uploads\/2023\/12\/coaster-hamburg-1-150x150.jpg 150w, https:\/\/norddeco.lt\/wp-content\/uploads\/2023\/12\/coaster-hamburg-1-768x768.jpg 768w, https:\/\/norddeco.lt\/wp-content\/uploads\/2023\/12\/coaster-hamburg-1-680x680.jpg 680w, https:\/\/norddeco.lt\/wp-content\/uploads\/2023\/12\/coaster-hamburg-1-100x100.jpg 100w, https:\/\/norddeco.lt\/wp-content\/uploads\/2023\/12\/coaster-hamburg-1.jpg 1000w\" alt=\"\" sizes=\"(max-width: 350px) 100vw, 350px\" width=\"350\" height=\"350\" class=\"attachment-woocommerce_thumbnail size-woocommerce_thumbnail wp-post-image  lazyload\" \/>            <\/a>\r\n        <\/div>\r\n        \r\n        <div class=\"nm-shop-loop-details\">\r\n            \r\n            <div class=\"nm-shop-loop-title-price\">\r\n            <h3 class=\"woocommerce-loop-product__title\"><a href=\"https:\/\/norddeco.lt\/fr\/magasin\/sous-verres-en-bois\/dessous-de-verre-en-bois-hamburg-01\/\" class=\"nm-shop-loop-title-link woocommerce-LoopProduct-link\">Dessous de verre en bois Hamburg 01<\/a><\/h3>\r\n\t<span class=\"price\"><span class=\"woocommerce-Price-amount amount\"><bdi>4,50&nbsp;<span class=\"woocommerce-Price-currencySymbol\">&euro;<\/span><\/bdi><\/span><\/span>\r\n            <\/div>\r\n\r\n            <div class=\"nm-shop-loop-actions\">\r\n            <a href=\"https:\/\/norddeco.lt\/fr\/magasin\/sous-verres-en-bois\/dessous-de-verre-en-bois-hamburg-01\/\" class=\"nm-quickview-btn\">Afficher plus<\/a>            <\/div>\r\n        <\/div>\r\n        \r\n            <\/div>\r\n<\/li>\r\n<li class=\"product type-product post-6519 status-publish last instock product_cat-collection-francaise product_cat-cuisine-salle-a-manger product_cat-planches-a-decouper has-post-thumbnail taxable shipping-taxable purchasable product-type-simple\" data-product-id=\"6519\">\r\n\t<div class=\"nm-shop-loop-product-wrap\">\r\n        \r\n        <div class=\"nm-shop-loop-thumbnail\">\r\n                        \r\n            <a href=\"https:\/\/norddeco.lt\/fr\/magasin\/collection-francaise\/planche-paris-03\/\" class=\"nm-shop-loop-thumbnail-link woocommerce-LoopProduct-link\">\r\n            <img loading=\"lazy\" decoding=\"async\" src=\"https:\/\/norddeco.lt\/wp-content\/themes\/savoy\/assets\/img\/placeholder.png\" data-src=\"https:\/\/norddeco.lt\/wp-content\/uploads\/2023\/12\/cutting-board-paris-03-1-350x350.jpg\" data-srcset=\"https:\/\/norddeco.lt\/wp-content\/uploads\/2023\/12\/cutting-board-paris-03-1-350x350.jpg 350w, https:\/\/norddeco.lt\/wp-content\/uploads\/2023\/12\/cutting-board-paris-03-1-300x300.jpg 300w, https:\/\/norddeco.lt\/wp-content\/uploads\/2023\/12\/cutting-board-paris-03-1-150x150.jpg 150w, https:\/\/norddeco.lt\/wp-content\/uploads\/2023\/12\/cutting-board-paris-03-1-768x768.jpg 768w, https:\/\/norddeco.lt\/wp-content\/uploads\/2023\/12\/cutting-board-paris-03-1-680x680.jpg 680w, https:\/\/norddeco.lt\/wp-content\/uploads\/2023\/12\/cutting-board-paris-03-1-100x100.jpg 100w, https:\/\/norddeco.lt\/wp-content\/uploads\/2023\/12\/cutting-board-paris-03-1.jpg 1000w\" alt=\"\" sizes=\"(max-width: 350px) 100vw, 350px\" width=\"350\" height=\"350\" class=\"attachment-woocommerce_thumbnail size-woocommerce_thumbnail wp-post-image  lazyload\" \/><img loading=\"lazy\" decoding=\"async\" src=\"https:\/\/norddeco.lt\/wp-content\/themes\/savoy\/assets\/img\/transparent.gif\" data-src=\"https:\/\/norddeco.lt\/wp-content\/uploads\/2023\/12\/cutting-board-paris-03-2-350x350.jpg\" data-srcset=\"https:\/\/norddeco.lt\/wp-content\/uploads\/2023\/12\/cutting-board-paris-03-2-350x350.jpg 350w, https:\/\/norddeco.lt\/wp-content\/uploads\/2023\/12\/cutting-board-paris-03-2-300x300.jpg 300w, https:\/\/norddeco.lt\/wp-content\/uploads\/2023\/12\/cutting-board-paris-03-2-150x150.jpg 150w, https:\/\/norddeco.lt\/wp-content\/uploads\/2023\/12\/cutting-board-paris-03-2-768x768.jpg 768w, https:\/\/norddeco.lt\/wp-content\/uploads\/2023\/12\/cutting-board-paris-03-2-680x680.jpg 680w, https:\/\/norddeco.lt\/wp-content\/uploads\/2023\/12\/cutting-board-paris-03-2-100x100.jpg 100w, https:\/\/norddeco.lt\/wp-content\/uploads\/2023\/12\/cutting-board-paris-03-2.jpg 1000w\" alt=\"\" sizes=\"(max-width: 350px) 100vw, 350px\" width=\"350\" height=\"350\" class=\"attachment-woocommerce_thumbnail size-woocommerce_thumbnail wp-post-image nm-shop-hover-image lazyload\" \/>            <\/a>\r\n        <\/div>\r\n        \r\n        <div class=\"nm-shop-loop-details\">\r\n            \r\n            <div class=\"nm-shop-loop-title-price\">\r\n            <h3 class=\"woocommerce-loop-product__title\"><a href=\"https:\/\/norddeco.lt\/fr\/magasin\/collection-francaise\/planche-paris-03\/\" class=\"nm-shop-loop-title-link woocommerce-LoopProduct-link\">Planche \u00e0 d\u00e9couper en ch\u00eane Paris 03<\/a><\/h3>\r\n\t<span class=\"price\"><span class=\"woocommerce-Price-amount amount\"><bdi>29,90&nbsp;<span class=\"woocommerce-Price-currencySymbol\">&euro;<\/span><\/bdi><\/span><\/span>\r\n            <\/div>\r\n\r\n            <div class=\"nm-shop-loop-actions\">\r\n            <a href=\"https:\/\/norddeco.lt\/fr\/magasin\/collection-francaise\/planche-paris-03\/\" class=\"nm-quickview-btn\">Afficher plus<\/a>            <\/div>\r\n        <\/div>\r\n        \r\n            <\/div>\r\n<\/li>\r\n<\/ul>\r\n<\/div><\/div>\t\t\t\t<\/div>\n\t\t\t\t<\/div>\n\t\t\t\t\t<\/div>\n\t\t<\/div>\n\t\t\t\t\t<\/div>\n\t\t<\/section>\n\t\t\t\t<\/div>\n\t\t","protected":false},"excerpt":{"rendered":"<p>Mediniai pad\u0117kliukai Pjaustymo lentel\u0117s Mediniai \u0161viestuvai Vilnoniai pledai Nos produits Medinis pad\u0117kliukas O-61 4,50&nbsp;&euro; Rodyti daugiau Medinis pad\u0117kliukas H-7 4,50&nbsp;&euro; &ndash; 12,90&nbsp;&euro; Rodyti daugiau Medinis pad\u0117kliukas Auk\u0161tai\u010diai 4,50&nbsp;&euro; Rodyti daugiau Medinis pad\u0117kliukas Vilnius 4 4,50&nbsp;&euro; Rodyti daugiau Medinis pad\u0117kliukas Kaunas 5 4,50&nbsp;&euro; Rodyti daugiau A\u017euolin\u0117 pjaustymo lentel\u0117 Paris 03 29,90&nbsp;&euro; Rodyti daugiau Medinis pad\u0117kliukas Ulm &hellip;<\/p>\n","protected":false},"author":1,"featured_media":0,"parent":0,"menu_order":0,"comment_status":"closed","ping_status":"closed","template":"","meta":{"footnotes":""},"class_list":["post-5168","page","type-page","status-publish","hentry"],"yoast_head":"<!-- This site is optimized with the Yoast SEO plugin v27.5 - https:\/\/yoast.com\/product\/yoast-seo-wordpress\/ -->\n<title>Produits - NordDECO - Skandinavi\u0161ko Stiliaus Med\u017eio Gaminiai<\/title>\n<meta name=\"robots\" content=\"index, follow, max-snippet:-1, max-image-preview:large, max-video-preview:-1\" \/>\n<link rel=\"canonical\" href=\"https:\/\/norddeco.lt\/fr\/produits\/\" \/>\n<meta property=\"og:locale\" content=\"fr_FR\" \/>\n<meta property=\"og:type\" content=\"article\" \/>\n<meta property=\"og:title\" content=\"Produits - NordDECO - Skandinavi\u0161ko Stiliaus Med\u017eio Gaminiai\" \/>\n<meta property=\"og:description\" content=\"Mediniai pad\u0117kliukai Pjaustymo lentel\u0117s Mediniai \u0161viestuvai Vilnoniai pledai Nos produits Medinis pad\u0117kliukas O-61 4,50&nbsp;&euro; Rodyti daugiau Medinis pad\u0117kliukas H-7 4,50&nbsp;&euro; &ndash; 12,90&nbsp;&euro; Rodyti daugiau Medinis pad\u0117kliukas Auk\u0161tai\u010diai 4,50&nbsp;&euro; Rodyti daugiau Medinis pad\u0117kliukas Vilnius 4 4,50&nbsp;&euro; Rodyti daugiau Medinis pad\u0117kliukas Kaunas 5 4,50&nbsp;&euro; Rodyti daugiau A\u017euolin\u0117 pjaustymo lentel\u0117 Paris 03 29,90&nbsp;&euro; Rodyti daugiau Medinis pad\u0117kliukas Ulm &hellip;\" \/>\n<meta property=\"og:url\" content=\"https:\/\/norddeco.lt\/fr\/produits\/\" \/>\n<meta property=\"og:site_name\" content=\"NordDECO - Skandinavi\u0161ko Stiliaus Med\u017eio Gaminiai\" \/>\n<meta property=\"article:modified_time\" content=\"2024-02-13T11:19:30+00:00\" \/>\n<meta property=\"og:image\" content=\"https:\/\/norddeco.lt\/wp-content\/uploads\/2024\/01\/wooden-coasters.jpg\" \/>\n<meta name=\"twitter:card\" content=\"summary_large_image\" \/>\n<meta name=\"twitter:label1\" content=\"Est. reading time\" \/>\n\t<meta name=\"twitter:data1\" content=\"2 minutes\" \/>\n<script type=\"application\/ld+json\" class=\"yoast-schema-graph\">{\"@context\":\"https:\\\/\\\/schema.org\",\"@graph\":[{\"@type\":\"WebPage\",\"@id\":\"https:\\\/\\\/norddeco.lt\\\/fr\\\/produits\\\/\",\"url\":\"https:\\\/\\\/norddeco.lt\\\/fr\\\/produits\\\/\",\"name\":\"Produits - NordDECO - Skandinavi\u0161ko Stiliaus Med\u017eio Gaminiai\",\"isPartOf\":{\"@id\":\"https:\\\/\\\/norddeco.lt\\\/fr\\\/#website\"},\"primaryImageOfPage\":{\"@id\":\"https:\\\/\\\/norddeco.lt\\\/fr\\\/produits\\\/#primaryimage\"},\"image\":{\"@id\":\"https:\\\/\\\/norddeco.lt\\\/fr\\\/produits\\\/#primaryimage\"},\"thumbnailUrl\":\"https:\\\/\\\/norddeco.lt\\\/wp-content\\\/uploads\\\/2024\\\/01\\\/wooden-coasters.jpg\",\"datePublished\":\"2023-11-29T09:06:49+00:00\",\"dateModified\":\"2024-02-13T11:19:30+00:00\",\"breadcrumb\":{\"@id\":\"https:\\\/\\\/norddeco.lt\\\/fr\\\/produits\\\/#breadcrumb\"},\"inLanguage\":\"fr-FR\",\"potentialAction\":[{\"@type\":\"ReadAction\",\"target\":[\"https:\\\/\\\/norddeco.lt\\\/fr\\\/produits\\\/\"]}]},{\"@type\":\"ImageObject\",\"inLanguage\":\"fr-FR\",\"@id\":\"https:\\\/\\\/norddeco.lt\\\/fr\\\/produits\\\/#primaryimage\",\"url\":\"https:\\\/\\\/norddeco.lt\\\/wp-content\\\/uploads\\\/2024\\\/01\\\/wooden-coasters.jpg\",\"contentUrl\":\"https:\\\/\\\/norddeco.lt\\\/wp-content\\\/uploads\\\/2024\\\/01\\\/wooden-coasters.jpg\"},{\"@type\":\"BreadcrumbList\",\"@id\":\"https:\\\/\\\/norddeco.lt\\\/fr\\\/produits\\\/#breadcrumb\",\"itemListElement\":[{\"@type\":\"ListItem\",\"position\":1,\"name\":\"Home\",\"item\":\"https:\\\/\\\/norddeco.lt\\\/fr\\\/\"},{\"@type\":\"ListItem\",\"position\":2,\"name\":\"Produits\"}]},{\"@type\":\"WebSite\",\"@id\":\"https:\\\/\\\/norddeco.lt\\\/fr\\\/#website\",\"url\":\"https:\\\/\\\/norddeco.lt\\\/fr\\\/\",\"name\":\"NordDECO - Skandinavi\u0161ko Stiliaus Med\u017eio Gaminiai\",\"description\":\"\",\"publisher\":{\"@id\":\"https:\\\/\\\/norddeco.lt\\\/fr\\\/#organization\"},\"potentialAction\":[{\"@type\":\"SearchAction\",\"target\":{\"@type\":\"EntryPoint\",\"urlTemplate\":\"https:\\\/\\\/norddeco.lt\\\/fr\\\/?s={search_term_string}\"},\"query-input\":{\"@type\":\"PropertyValueSpecification\",\"valueRequired\":true,\"valueName\":\"search_term_string\"}}],\"inLanguage\":\"fr-FR\"},{\"@type\":\"Organization\",\"@id\":\"https:\\\/\\\/norddeco.lt\\\/fr\\\/#organization\",\"name\":\"NordDECO - Skandinavi\u0161ko Stiliaus Med\u017eio Gaminiai\",\"url\":\"https:\\\/\\\/norddeco.lt\\\/fr\\\/\",\"logo\":{\"@type\":\"ImageObject\",\"inLanguage\":\"fr-FR\",\"@id\":\"https:\\\/\\\/norddeco.lt\\\/fr\\\/#\\\/schema\\\/logo\\\/image\\\/\",\"url\":\"https:\\\/\\\/norddeco.lt\\\/wp-content\\\/uploads\\\/2023\\\/11\\\/NordDECO-logo-1024x724-1.png\",\"contentUrl\":\"https:\\\/\\\/norddeco.lt\\\/wp-content\\\/uploads\\\/2023\\\/11\\\/NordDECO-logo-1024x724-1.png\",\"width\":1024,\"height\":724,\"caption\":\"NordDECO - Skandinavi\u0161ko Stiliaus Med\u017eio Gaminiai\"},\"image\":{\"@id\":\"https:\\\/\\\/norddeco.lt\\\/fr\\\/#\\\/schema\\\/logo\\\/image\\\/\"}}]}<\/script>\n<!-- \/ Yoast SEO plugin. -->","yoast_head_json":{"title":"Produits - NordDECO - Skandinavi\u0161ko Stiliaus Med\u017eio Gaminiai","robots":{"index":"index","follow":"follow","max-snippet":"max-snippet:-1","max-image-preview":"max-image-preview:large","max-video-preview":"max-video-preview:-1"},"canonical":"https:\/\/norddeco.lt\/fr\/produits\/","og_locale":"fr_FR","og_type":"article","og_title":"Produits - NordDECO - Skandinavi\u0161ko Stiliaus Med\u017eio Gaminiai","og_description":"Mediniai pad\u0117kliukai Pjaustymo lentel\u0117s Mediniai \u0161viestuvai Vilnoniai pledai Nos produits Medinis pad\u0117kliukas O-61 4,50&nbsp;&euro; Rodyti daugiau Medinis pad\u0117kliukas H-7 4,50&nbsp;&euro; &ndash; 12,90&nbsp;&euro; Rodyti daugiau Medinis pad\u0117kliukas Auk\u0161tai\u010diai 4,50&nbsp;&euro; Rodyti daugiau Medinis pad\u0117kliukas Vilnius 4 4,50&nbsp;&euro; Rodyti daugiau Medinis pad\u0117kliukas Kaunas 5 4,50&nbsp;&euro; Rodyti daugiau A\u017euolin\u0117 pjaustymo lentel\u0117 Paris 03 29,90&nbsp;&euro; Rodyti daugiau Medinis pad\u0117kliukas Ulm &hellip;","og_url":"https:\/\/norddeco.lt\/fr\/produits\/","og_site_name":"NordDECO - Skandinavi\u0161ko Stiliaus Med\u017eio Gaminiai","article_modified_time":"2024-02-13T11:19:30+00:00","og_image":[{"url":"https:\/\/norddeco.lt\/wp-content\/uploads\/2024\/01\/wooden-coasters.jpg","type":"","width":"","height":""}],"twitter_card":"summary_large_image","twitter_misc":{"Est. reading time":"2 minutes"},"schema":{"@context":"https:\/\/schema.org","@graph":[{"@type":"WebPage","@id":"https:\/\/norddeco.lt\/fr\/produits\/","url":"https:\/\/norddeco.lt\/fr\/produits\/","name":"Produits - NordDECO - Skandinavi\u0161ko Stiliaus Med\u017eio Gaminiai","isPartOf":{"@id":"https:\/\/norddeco.lt\/fr\/#website"},"primaryImageOfPage":{"@id":"https:\/\/norddeco.lt\/fr\/produits\/#primaryimage"},"image":{"@id":"https:\/\/norddeco.lt\/fr\/produits\/#primaryimage"},"thumbnailUrl":"https:\/\/norddeco.lt\/wp-content\/uploads\/2024\/01\/wooden-coasters.jpg","datePublished":"2023-11-29T09:06:49+00:00","dateModified":"2024-02-13T11:19:30+00:00","breadcrumb":{"@id":"https:\/\/norddeco.lt\/fr\/produits\/#breadcrumb"},"inLanguage":"fr-FR","potentialAction":[{"@type":"ReadAction","target":["https:\/\/norddeco.lt\/fr\/produits\/"]}]},{"@type":"ImageObject","inLanguage":"fr-FR","@id":"https:\/\/norddeco.lt\/fr\/produits\/#primaryimage","url":"https:\/\/norddeco.lt\/wp-content\/uploads\/2024\/01\/wooden-coasters.jpg","contentUrl":"https:\/\/norddeco.lt\/wp-content\/uploads\/2024\/01\/wooden-coasters.jpg"},{"@type":"BreadcrumbList","@id":"https:\/\/norddeco.lt\/fr\/produits\/#breadcrumb","itemListElement":[{"@type":"ListItem","position":1,"name":"Home","item":"https:\/\/norddeco.lt\/fr\/"},{"@type":"ListItem","position":2,"name":"Produits"}]},{"@type":"WebSite","@id":"https:\/\/norddeco.lt\/fr\/#website","url":"https:\/\/norddeco.lt\/fr\/","name":"NordDECO - Skandinavi\u0161ko Stiliaus Med\u017eio Gaminiai","description":"","publisher":{"@id":"https:\/\/norddeco.lt\/fr\/#organization"},"potentialAction":[{"@type":"SearchAction","target":{"@type":"EntryPoint","urlTemplate":"https:\/\/norddeco.lt\/fr\/?s={search_term_string}"},"query-input":{"@type":"PropertyValueSpecification","valueRequired":true,"valueName":"search_term_string"}}],"inLanguage":"fr-FR"},{"@type":"Organization","@id":"https:\/\/norddeco.lt\/fr\/#organization","name":"NordDECO - Skandinavi\u0161ko Stiliaus Med\u017eio Gaminiai","url":"https:\/\/norddeco.lt\/fr\/","logo":{"@type":"ImageObject","inLanguage":"fr-FR","@id":"https:\/\/norddeco.lt\/fr\/#\/schema\/logo\/image\/","url":"https:\/\/norddeco.lt\/wp-content\/uploads\/2023\/11\/NordDECO-logo-1024x724-1.png","contentUrl":"https:\/\/norddeco.lt\/wp-content\/uploads\/2023\/11\/NordDECO-logo-1024x724-1.png","width":1024,"height":724,"caption":"NordDECO - Skandinavi\u0161ko Stiliaus Med\u017eio Gaminiai"},"image":{"@id":"https:\/\/norddeco.lt\/fr\/#\/schema\/logo\/image\/"}}]}},"_links":{"self":[{"href":"https:\/\/norddeco.lt\/fr\/wp-json\/wp\/v2\/pages\/5168","targetHints":{"allow":["GET"]}}],"collection":[{"href":"https:\/\/norddeco.lt\/fr\/wp-json\/wp\/v2\/pages"}],"about":[{"href":"https:\/\/norddeco.lt\/fr\/wp-json\/wp\/v2\/types\/page"}],"author":[{"embeddable":true,"href":"https:\/\/norddeco.lt\/fr\/wp-json\/wp\/v2\/users\/1"}],"replies":[{"embeddable":true,"href":"https:\/\/norddeco.lt\/fr\/wp-json\/wp\/v2\/comments?post=5168"}],"version-history":[{"count":2,"href":"https:\/\/norddeco.lt\/fr\/wp-json\/wp\/v2\/pages\/5168\/revisions"}],"predecessor-version":[{"id":8114,"href":"https:\/\/norddeco.lt\/fr\/wp-json\/wp\/v2\/pages\/5168\/revisions\/8114"}],"wp:attachment":[{"href":"https:\/\/norddeco.lt\/fr\/wp-json\/wp\/v2\/media?parent=5168"}],"curies":[{"name":"wp","href":"https:\/\/api.w.org\/{rel}","templated":true}]}}